{"id":427,"date":"2021-07-23T10:30:43","date_gmt":"2021-07-23T10:30:43","guid":{"rendered":"https:\/\/www.tierravoz.com\/patrimonioculturalcyl\/?page_id=427"},"modified":"2021-07-23T10:32:50","modified_gmt":"2021-07-23T10:32:50","slug":"politica-de-cookies","status":"publish","type":"page","link":"https:\/\/www.tierravoz.com\/patrimonioculturalcyl\/politica-de-cookies\/","title":{"rendered":"Pol\u00edtica de cookies"},"content":{"rendered":"\t\t<div data-elementor-type=\"wp-page\" data-elementor-id=\"427\" class=\"elementor elementor-427\">\n\t\t\t\t\t\t<section class=\"elementor-section elementor-top-section elementor-element elementor-element-910b233 elementor-section-height-min-height elementor-section-boxed elementor-section-height-default elementor-section-items-middle\" data-id=\"910b233\" data-element_type=\"section\" data-e-type=\"section\" data-settings=\"{&quot;background_background&quot;:&quot;gradient&quot;}\">\n\t\t\t\t\t\t<div class=\"elementor-container elementor-column-gap-default\">\n\t\t\t\t\t<div class=\"elementor-column elementor-col-100 elementor-top-column elementor-element elementor-element-9372dfa\" data-id=\"9372dfa\" data-element_type=\"column\" data-e-type=\"column\">\n\t\t\t<div class=\"elementor-widget-wrap\">\n\t\t\t\t\t\t\t<\/div>\n\t\t<\/div>\n\t\t\t\t\t<\/div>\n\t\t<\/section>\n\t\t\t\t<section class=\"elementor-section elementor-top-section elementor-element elementor-element-7af8d7a4 elementor-section-boxed elementor-section-height-default elementor-section-height-default\" data-id=\"7af8d7a4\" data-element_type=\"section\" data-e-type=\"section\">\n\t\t\t\t\t\t<div class=\"elementor-container elementor-column-gap-default\">\n\t\t\t\t\t<div class=\"elementor-column elementor-col-100 elementor-top-column elementor-element elementor-element-75aaf8f9\" data-id=\"75aaf8f9\" data-element_type=\"column\" data-e-type=\"column\">\n\t\t\t<div class=\"elementor-widget-wrap elementor-element-populated\">\n\t\t\t\t\t\t<div class=\"elementor-element elementor-element-b04bb6d elementor-widget elementor-widget-heading\" data-id=\"b04bb6d\" data-element_type=\"widget\" data-e-type=\"widget\" data-widget_type=\"heading.default\">\n\t\t\t\t<div class=\"elementor-widget-container\">\n\t\t\t\t\t<h1 class=\"elementor-heading-title elementor-size-default\">Pol\u00edtica de cookies<\/h1>\t\t\t\t<\/div>\n\t\t\t\t<\/div>\n\t\t\t\t<div class=\"elementor-element elementor-element-5723bee5 elementor-widget elementor-widget-text-editor\" data-id=\"5723bee5\" data-element_type=\"widget\" data-e-type=\"widget\" data-widget_type=\"text-editor.default\">\n\t\t\t\t<div class=\"elementor-widget-container\">\n\t\t\t\t\t\t\t\t\t\n<p>En cumplimiento con el art\u00edculo 22 de la Ley 34\/2002, de 11 de julio, de servicios de la sociedad de la informaci\u00f3n y de comercio electr\u00f3nico (LSSI), en relaci\u00f3n con el Reglamento (UE) 2016\/679 del Parlamento Europeo y del Consejo, de 27 de abril de 2016, General de Protecci\u00f3n de Datos (RGPD) y la Ley Org\u00e1nica 3\/2018, de 5 de diciembre, de Protecci\u00f3n de Datos y garant\u00eda de los derechos digitales (LOPDGDD), el Titular pone a disposici\u00f3n de los usuarios la Pol\u00edtica de recogida y tratamiento de cookies del sitio Web.<\/p>\n\n\n\n<h2 class=\"wp-block-heading\">Qu\u00e9 son las Cookies<\/h2>\n\n\n\n<p>Una Cookie es un fichero que se descarga en su ordenador al entrar a determinadas p\u00e1ginas web. Las cookies permiten a una p\u00e1gina web, entre otras cosas, almacenar y recuperar informaci\u00f3n sobre sus h\u00e1bitos de navegaci\u00f3n y dependiendo de la informaci\u00f3n que contengan y de la forma en que utilice su equipo pueden utilizarse para identificarle.<\/p>\n\n\n\n<h2 class=\"wp-block-heading\">Cookies utilizadas en el sitio Web<\/h2>\n\n\n\n<p>A continuaci\u00f3n se clasifican las cookies utilizadas por el sitio Web\u00a0<a href=\"http:\/\/tierravoz.com\/patrimonioculturalcyl\">http:\/\/tierravoz.com\/patrimonioculturalcyl<\/a>:<\/p>\n\n\n\n<p><strong>Seg\u00fan la entidad que las gestiona<\/strong><\/p>\n\n\n\n<ul class=\"wp-block-list\"><li><strong>Cookies propias:<\/strong>&nbsp;Son aquellas enviadas y gestionadas directamente por Tierravoz Sl.<\/li><li><strong>Cookies de terceros:<\/strong>&nbsp;Son aquellas que se env\u00edan al usuario desde un dominio ajeno a Tierravoz Sl.<\/li><\/ul>\n\n\n\n<p><strong>Seg\u00fan su finalidad<\/strong><\/p>\n\n\n\n<ul class=\"wp-block-list\"><li><strong>Cookies t\u00e9cnicas:<\/strong>&nbsp;Son aquellas que permiten a los usuarios registrados navegar a trav\u00e9s del sitio Web, del \u00e1rea restringida y a utilizar sus diferentes funciones, como por ejemplo, el sistema de comentarios o el buscador.<\/li><li><strong>Cookies de personalizaci\u00f3n:<\/strong>&nbsp;Son aquellas que permiten a los usuarios acceder al Servicio con algunas caracter\u00edsticas de car\u00e1cter general predefinidas en funci\u00f3n de una serie de criterios establecidos por el usuario como, por ejemplo, el idioma o el tipo de navegador a trav\u00e9s del cual se conecta a este sitio Web.<\/li><li><strong>Cookies de an\u00e1lisis o medici\u00f3n:<\/strong>&nbsp;Son aquellas que, bien tratadas por el sitio Web o por terceros, permiten cuantificar el n\u00famero de usuarios y as\u00ed realizar la medici\u00f3n y an\u00e1lisis estad\u00edstico de la utilizaci\u00f3n que hacen los usuarios del sitio Web. Para ello se analiza la navegaci\u00f3n que realizas en este sitio Web con el fin de mejorarlo.<\/li><li><strong>Cookies sociales:<\/strong>&nbsp;Son establecidas por las plataformas de redes sociales para permitir a los usuarios compartir contenido con sus amigos y redes.<\/li><\/ul>\n\n\n\n<p><strong>Seg\u00fan su duraci\u00f3n<\/strong><\/p>\n\n\n\n<ul class=\"wp-block-list\"><li><strong>Cookies de sesi\u00f3n:<\/strong>\u00a0Son aquellas dise\u00f1adas para recabar y almacenar datos mientras el usuario accede al sitio Web.<\/li><li><strong>Cookies persistentes:<\/strong>\u00a0Son aquellas en las que los datos siguen almacenados en el terminal del usuario y pueden ser accedidos y tratados durante un per\u00edodo definido por el responsable de la cookie.<\/li><\/ul>\n\n\n\n<h2 class=\"wp-block-heading\">Listado de cookies utilizadas<\/h2>\n\n\n\n<p>Este sitio Web puede instalar las siguientes cookies:<\/p>\n\n\n\n<p><strong>Cookies t\u00e9cnicas<\/strong><\/p>\n\n\n\n<ul class=\"wp-block-list\"><li><strong>wp-settings-{user_id}:<\/strong>&nbsp;Cookie t\u00e9cnica que se usa para mantener la configuraci\u00f3n del usuario en wp-admin. Es persistente y tiene una duraci\u00f3n de 1 a\u00f1o.<\/li><li><strong>hasConsent:<\/strong>&nbsp;Cookie t\u00e9cnica que almacena el consentimiento del usuario. Es persistente y tiene una duraci\u00f3n de 1 a\u00f1o.<\/li><\/ul>\n\n\n\n<p><strong>Cookies de an\u00e1lisis o medici\u00f3n<\/strong><\/p>\n\n\n\n<ul class=\"wp-block-list\"><li><strong>_ga:<\/strong>&nbsp;Cookie Anal\u00edtica que habilita la funci\u00f3n de control de visitas \u00fanicas. Es persistente y tiene una duraci\u00f3n de 2 a\u00f1os.<\/li><li><strong>_gat:<\/strong>&nbsp;Cookie Anal\u00edtica para limitar el n\u00famero de solicitudes. Su \u00e1mbito es la sesi\u00f3n y tiene una duraci\u00f3n de 1 minuto.<\/li><li><strong>_gid:<\/strong>&nbsp;Cookie Anal\u00edtica para distinguir usuarios. Su \u00e1mbito es la sesi\u00f3n y tiene una duraci\u00f3n de 24 horas.<\/li><\/ul>\n\n\n\n<p>Informaci\u00f3n adicional:<\/p>\n\n\n\n<ul class=\"wp-block-list\"><li>Google Analytics puede instalar otras cookies seg\u00fan el documento&nbsp;<a href=\"https:\/\/developers.google.com\/analytics\/devguides\/collection\/analyticsjs\/cookie-usage?hl=es\" target=\"_blank\" rel=\"noreferrer noopener\">Uso de las cookies de Google Analytics en sitios web<\/a>.<\/li><\/ul>\n\n\n\n<p><strong>Cookies sociales<\/strong><\/p>\n\n\n\n<ul class=\"wp-block-list\"><li>El sitio Web incluye otras funcionalidades proporcionadas por servicios de terceros y redes sociales para mejorar la experiencia de los visitantes. Puedes compartir el contenido en sus redes sociales como \u00abFacebook\u00bb, \u00abTwitter\u00bb, \u00abInstagram\u00bb, \u00abVimeo\u00bb o \u00abYouTube\u00bb con los botones incluidos a tal efecto o con las herramientas para compartir propias de las redes sociales. Como resultado, estos servicios pueden instalar cookies y utilizarlas para rastrear tu actividad online. No tenemos control directo sobre la informaci\u00f3n recopilada por estas cookies.<\/li><\/ul>\n\n\n\n<p>El sitio Web puede instalar otras cookies.<\/p>\n\n\n\n<h2 class=\"wp-block-heading\">Aceptaci\u00f3n o rechazo de la instalaci\u00f3n de cookies<\/h2>\n\n\n\n<p>Tierravoz Sl muestra informaci\u00f3n sobre su Pol\u00edtica de cookies en el banner de cookies accesible en todas las p\u00e1ginas del Sitio Web. El banner de cookies muestra informaci\u00f3n esencial sobre el tratamiento de datos y permite al usuario realizar las siguientes acciones:<\/p>\n\n\n\n<ul class=\"wp-block-list\"><li><strong>Aceptar o rechazar la instalaci\u00f3n de cookies<\/strong>, o retirar el consentimiento previamente otorgado.<\/li><li><strong>Cambiar las preferencias de cookies<\/strong>\u00a0desde la p\u00e1gina\u00a0<a href=\"http:\/\/tierravoz.com\/patrimonioculturalcyl\/personalizar-cookies\/\">Personalizar Cookies<\/a>, a la que puedes acceder desde el Aviso de Cookies.<\/li><li><strong>Obtener informaci\u00f3n adicional<\/strong>\u00a0sobre la Pol\u00edtica de Cookies desde la p\u00e1gina\u00a0<a href=\"http:\/\/tierravoz.com\/patrimonioculturalcyl\/politica-de-cookies\/\">Pol\u00edtica de cookies<\/a>.<\/li><\/ul>\n\n\n\n<h2 class=\"wp-block-heading\">Eliminaci\u00f3n de cookies<\/h2>\n\n\n\n<p>Puedes aceptar, bloquear o eliminar las cookies instaladas en tu equipo mediante la configuraci\u00f3n de las opciones del navegador, pero parte del sitio no funcionar\u00e1 correctamente o su calidad puede verse afectada.<\/p>\n\n\n\n<p>En los siguientes enlaces encontrar\u00e1s instrucciones para habilitar o deshabilitar las cookies en los navegadores m\u00e1s comunes.<\/p>\n\n\n\n<ul class=\"wp-block-list\"><li><strong>Firefox<\/strong>\u00a0<a rel=\"noreferrer noopener\" href=\"http:\/\/support.mozilla.org\/es\/kb\/habilitar-y-deshabilitar-cookies-que-los-sitios-we\" target=\"_blank\">http:\/\/support.mozilla.org\/es\/kb\/habilitar-y-deshabilitar-cookies-que-los-sitios-we<\/a><\/li><li><strong>Google Chrome<\/strong>\u00a0<a rel=\"noreferrer noopener\" href=\"https:\/\/support.google.com\/chrome\/answer\/95647?hl=es\" target=\"_blank\">https:\/\/support.google.com\/chrome\/answer\/95647?hl=es<\/a><\/li><li><strong>Internet Explorer<\/strong>\u00a0<a rel=\"noreferrer noopener\" href=\"https:\/\/support.microsoft.com\/es-es\/help\/17442\/windows-internet-explorer-delete-manage-cookies#ie=%22ie-10%22\" target=\"_blank\">https:\/\/support.microsoft.com\/es-es\/help\/17442\/windows-internet-explorer-delete-manage-cookies#ie=\u00bbie-10\u2033<\/a><\/li><li><strong>Microsoft Edge<\/strong>\u00a0<a rel=\"noreferrer noopener\" href=\"https:\/\/support.microsoft.com\/es-es\/help\/4468242\/microsoft-edge-browsing-data-and-privacy\" target=\"_blank\">https:\/\/support.microsoft.com\/es-es\/help\/4468242\/microsoft-edge-browsing-data-and-privacy<\/a><\/li><li><strong>Safari<\/strong><a rel=\"noreferrer noopener\" href=\"http:\/\/support.apple.com\/kb\/HT1677?viewlocale=es_ES\" target=\"_blank\">http:\/\/support.apple.com\/kb\/HT1677?viewlocale=es_ES<\/a><\/li><\/ul>\n\n\n\n<h2 class=\"wp-block-heading\">Tratamiento de Datos Personales<\/h2>\n\n\n\n<p>Tierravoz Sl es el Responsable del tratamiento de los datos personales del usuario.<\/p>\n\n\n\n<h2 class=\"wp-block-heading\">Contacto<\/h2>\n\n\n\n<p>En caso de que tengas cualquier duda acerca de esta Pol\u00edtica de Cookies o quieras realizar cualquier comentario sobre este sitio Web, puedes enviar un mensaje de correo electr\u00f3nico a la direcci\u00f3n <a href=\"mailto:info@tierravoz.com\">info@tierravoz.com<\/a>.<\/p>\n\t\t\t\t\t\t\t\t<\/div>\n\t\t\t\t<\/div>\n\t\t\t\t\t<\/div>\n\t\t<\/div>\n\t\t\t\t\t<\/div>\n\t\t<\/section>\n\t\t\t\t<section class=\"elementor-section elementor-top-section elementor-element elementor-element-2c61cf26 elementor-section-content-bottom elementor-section-boxed elementor-section-height-default elementor-section-height-default\" data-id=\"2c61cf26\" data-element_type=\"section\" data-e-type=\"section\" data-settings=\"{&quot;background_background&quot;:&quot;classic&quot;}\">\n\t\t\t\t\t\t<div class=\"elementor-container elementor-column-gap-default\">\n\t\t\t\t\t<div class=\"elementor-column elementor-col-66 elementor-top-column elementor-element elementor-element-383e8b49\" data-id=\"383e8b49\" data-element_type=\"column\" data-e-type=\"column\">\n\t\t\t<div class=\"elementor-widget-wrap elementor-element-populated\">\n\t\t\t\t\t\t<div class=\"elementor-element elementor-element-6340d848 elementor-widget elementor-widget-text-editor\" data-id=\"6340d848\" data-element_type=\"widget\" data-e-type=\"widget\" data-widget_type=\"text-editor.default\">\n\t\t\t\t<div class=\"elementor-widget-container\">\n\t\t\t\t\t\t\t\t\t<p><a style=\"color: #ffffff;\" href=\"\/patrimonioculturalcyl\/aviso-legal\" target=\"_blank\" rel=\"noopener\">AVISO LEGAL<\/a>\u00a0 | <a style=\"color: #ffffff;\" href=\"\/patrimonioculturalcyl\/politica-de-privacidad\" target=\"_blank\" rel=\"noopener\">POL\u00cdTICA DE PRIVACIDAD<\/a><\/p>\t\t\t\t\t\t\t\t<\/div>\n\t\t\t\t<\/div>\n\t\t\t\t\t<\/div>\n\t\t<\/div>\n\t\t\t\t<div class=\"elementor-column elementor-col-33 elementor-top-column elementor-element elementor-element-55c1257e\" data-id=\"55c1257e\" data-element_type=\"column\" data-e-type=\"column\">\n\t\t\t<div class=\"elementor-widget-wrap elementor-element-populated\">\n\t\t\t\t\t\t<div class=\"elementor-element elementor-element-83c4764 elementor-widget elementor-widget-image\" data-id=\"83c4764\" data-element_type=\"widget\" data-e-type=\"widget\" data-widget_type=\"image.default\">\n\t\t\t\t<div class=\"elementor-widget-container\">\n\t\t\t\t\t\t\t\t\t\t\t\t\t\t\t<img fetchpriority=\"high\" decoding=\"async\" width=\"600\" height=\"263\" src=\"https:\/\/www.tierravoz.com\/patrimonioculturalcyl\/wp-content\/uploads\/logo-pc-cyl-blanco-600.png\" class=\"attachment-large size-large wp-image-119\" alt=\"\" srcset=\"https:\/\/www.tierravoz.com\/patrimonioculturalcyl\/wp-content\/uploads\/logo-pc-cyl-blanco-600.png 600w, https:\/\/www.tierravoz.com\/patrimonioculturalcyl\/wp-content\/uploads\/logo-pc-cyl-blanco-600-300x132.png 300w\" sizes=\"(max-width: 600px) 100vw, 600px\" \/>\t\t\t\t\t\t\t\t\t\t\t\t\t\t\t<\/div>\n\t\t\t\t<\/div>\n\t\t\t\t\t<\/div>\n\t\t<\/div>\n\t\t\t\t\t<\/div>\n\t\t<\/section>\n\t\t\t\t<\/div>\n\t\t","protected":false},"excerpt":{"rendered":"<p>Pol\u00edtica de cookies En cumplimiento con el art\u00edculo 22 de la Ley 34\/2002, de 11 de julio, de servicios de la sociedad de la informaci\u00f3n y de comercio electr\u00f3nico (LSSI), en relaci\u00f3n con el Reglamento (UE) 2016\/679 del Parlamento Europeo y del Consejo, de 27 de abril de 2016, General de Protecci\u00f3n de Datos (RGPD) &#8230; <a title=\"Pol\u00edtica de cookies\" class=\"read-more\" href=\"https:\/\/www.tierravoz.com\/patrimonioculturalcyl\/politica-de-cookies\/\" aria-label=\"Leer m\u00e1s sobre Pol\u00edtica de cookies\">Leer m\u00e1s<\/a><\/p>\n","protected":false},"author":1,"featured_media":0,"parent":0,"menu_order":0,"comment_status":"closed","ping_status":"closed","template":"","meta":{"footnotes":""},"class_list":["post-427","page","type-page","status-publish"],"yoast_head":"<!-- This site is optimized with the Yoast SEO plugin v27.5 - https:\/\/yoast.com\/product\/yoast-seo-wordpress\/ -->\n<title>Pol\u00edtica de cookies - Patrimonio Cultural de Castilla y Le&oacute;n<\/title>\n<meta name=\"robots\" content=\"index, follow, max-snippet:-1, max-image-preview:large, max-video-preview:-1\" \/>\n<link rel=\"canonical\" href=\"https:\/\/www.tierravoz.com\/patrimonioculturalcyl\/politica-de-cookies\/\" \/>\n<meta property=\"og:locale\" content=\"es_ES\" \/>\n<meta property=\"og:type\" content=\"article\" \/>\n<meta property=\"og:title\" content=\"Pol\u00edtica de cookies - Patrimonio Cultural de Castilla y Le&oacute;n\" \/>\n<meta property=\"og:description\" content=\"Pol\u00edtica de cookies En cumplimiento con el art\u00edculo 22 de la Ley 34\/2002, de 11 de julio, de servicios de la sociedad de la informaci\u00f3n y de comercio electr\u00f3nico (LSSI), en relaci\u00f3n con el Reglamento (UE) 2016\/679 del Parlamento Europeo y del Consejo, de 27 de abril de 2016, General de Protecci\u00f3n de Datos (RGPD) ... Leer m\u00e1s\" \/>\n<meta property=\"og:url\" content=\"https:\/\/www.tierravoz.com\/patrimonioculturalcyl\/politica-de-cookies\/\" \/>\n<meta property=\"og:site_name\" content=\"Patrimonio Cultural de Castilla y Le&oacute;n\" \/>\n<meta property=\"article:publisher\" content=\"https:\/\/www.facebook.com\/Tierravoz\/\" \/>\n<meta property=\"article:modified_time\" content=\"2021-07-23T10:32:50+00:00\" \/>\n<meta property=\"og:image\" content=\"https:\/\/www.tierravoz.com\/patrimonioculturalcyl\/wp-content\/uploads\/logo-pc-cyl-blanco-600.png\" \/>\n<meta name=\"twitter:card\" content=\"summary_large_image\" \/>\n<meta name=\"twitter:site\" content=\"@Tierravoz\" \/>\n<meta name=\"twitter:label1\" content=\"Tiempo de lectura\" \/>\n\t<meta name=\"twitter:data1\" content=\"5 minutos\" \/>\n<script type=\"application\/ld+json\" class=\"yoast-schema-graph\">{\"@context\":\"https:\\\/\\\/schema.org\",\"@graph\":[{\"@type\":\"WebPage\",\"@id\":\"https:\\\/\\\/www.tierravoz.com\\\/patrimonioculturalcyl\\\/politica-de-cookies\\\/\",\"url\":\"https:\\\/\\\/www.tierravoz.com\\\/patrimonioculturalcyl\\\/politica-de-cookies\\\/\",\"name\":\"Pol\u00edtica de cookies - Patrimonio Cultural de Castilla y Le&oacute;n\",\"isPartOf\":{\"@id\":\"https:\\\/\\\/www.tierravoz.com\\\/patrimonioculturalcyl\\\/#website\"},\"primaryImageOfPage\":{\"@id\":\"https:\\\/\\\/www.tierravoz.com\\\/patrimonioculturalcyl\\\/politica-de-cookies\\\/#primaryimage\"},\"image\":{\"@id\":\"https:\\\/\\\/www.tierravoz.com\\\/patrimonioculturalcyl\\\/politica-de-cookies\\\/#primaryimage\"},\"thumbnailUrl\":\"https:\\\/\\\/www.tierravoz.com\\\/patrimonioculturalcyl\\\/wp-content\\\/uploads\\\/logo-pc-cyl-blanco-600.png\",\"datePublished\":\"2021-07-23T10:30:43+00:00\",\"dateModified\":\"2021-07-23T10:32:50+00:00\",\"breadcrumb\":{\"@id\":\"https:\\\/\\\/www.tierravoz.com\\\/patrimonioculturalcyl\\\/politica-de-cookies\\\/#breadcrumb\"},\"inLanguage\":\"es\",\"potentialAction\":[{\"@type\":\"ReadAction\",\"target\":[\"https:\\\/\\\/www.tierravoz.com\\\/patrimonioculturalcyl\\\/politica-de-cookies\\\/\"]}]},{\"@type\":\"ImageObject\",\"inLanguage\":\"es\",\"@id\":\"https:\\\/\\\/www.tierravoz.com\\\/patrimonioculturalcyl\\\/politica-de-cookies\\\/#primaryimage\",\"url\":\"https:\\\/\\\/www.tierravoz.com\\\/patrimonioculturalcyl\\\/wp-content\\\/uploads\\\/logo-pc-cyl-blanco-600.png\",\"contentUrl\":\"https:\\\/\\\/www.tierravoz.com\\\/patrimonioculturalcyl\\\/wp-content\\\/uploads\\\/logo-pc-cyl-blanco-600.png\",\"width\":600,\"height\":263},{\"@type\":\"BreadcrumbList\",\"@id\":\"https:\\\/\\\/www.tierravoz.com\\\/patrimonioculturalcyl\\\/politica-de-cookies\\\/#breadcrumb\",\"itemListElement\":[{\"@type\":\"ListItem\",\"position\":1,\"name\":\"Portada\",\"item\":\"https:\\\/\\\/www.tierravoz.com\\\/patrimonioculturalcyl\\\/\"},{\"@type\":\"ListItem\",\"position\":2,\"name\":\"Pol\u00edtica de cookies\"}]},{\"@type\":\"WebSite\",\"@id\":\"https:\\\/\\\/www.tierravoz.com\\\/patrimonioculturalcyl\\\/#website\",\"url\":\"https:\\\/\\\/www.tierravoz.com\\\/patrimonioculturalcyl\\\/\",\"name\":\"Patrimonio Cultural de Castilla y Le&oacute;n\",\"description\":\"Difundimos el legado colectivo de Castilla y Le&oacute;n\",\"potentialAction\":[{\"@type\":\"SearchAction\",\"target\":{\"@type\":\"EntryPoint\",\"urlTemplate\":\"https:\\\/\\\/www.tierravoz.com\\\/patrimonioculturalcyl\\\/?s={search_term_string}\"},\"query-input\":{\"@type\":\"PropertyValueSpecification\",\"valueRequired\":true,\"valueName\":\"search_term_string\"}}],\"inLanguage\":\"es\"}]}<\/script>\n<!-- \/ Yoast SEO plugin. -->","yoast_head_json":{"title":"Pol\u00edtica de cookies - Patrimonio Cultural de Castilla y Le&oacute;n","robots":{"index":"index","follow":"follow","max-snippet":"max-snippet:-1","max-image-preview":"max-image-preview:large","max-video-preview":"max-video-preview:-1"},"canonical":"https:\/\/www.tierravoz.com\/patrimonioculturalcyl\/politica-de-cookies\/","og_locale":"es_ES","og_type":"article","og_title":"Pol\u00edtica de cookies - Patrimonio Cultural de Castilla y Le&oacute;n","og_description":"Pol\u00edtica de cookies En cumplimiento con el art\u00edculo 22 de la Ley 34\/2002, de 11 de julio, de servicios de la sociedad de la informaci\u00f3n y de comercio electr\u00f3nico (LSSI), en relaci\u00f3n con el Reglamento (UE) 2016\/679 del Parlamento Europeo y del Consejo, de 27 de abril de 2016, General de Protecci\u00f3n de Datos (RGPD) ... Leer m\u00e1s","og_url":"https:\/\/www.tierravoz.com\/patrimonioculturalcyl\/politica-de-cookies\/","og_site_name":"Patrimonio Cultural de Castilla y Le&oacute;n","article_publisher":"https:\/\/www.facebook.com\/Tierravoz\/","article_modified_time":"2021-07-23T10:32:50+00:00","og_image":[{"url":"https:\/\/www.tierravoz.com\/patrimonioculturalcyl\/wp-content\/uploads\/logo-pc-cyl-blanco-600.png","type":"","width":"","height":""}],"twitter_card":"summary_large_image","twitter_site":"@Tierravoz","twitter_misc":{"Tiempo de lectura":"5 minutos"},"schema":{"@context":"https:\/\/schema.org","@graph":[{"@type":"WebPage","@id":"https:\/\/www.tierravoz.com\/patrimonioculturalcyl\/politica-de-cookies\/","url":"https:\/\/www.tierravoz.com\/patrimonioculturalcyl\/politica-de-cookies\/","name":"Pol\u00edtica de cookies - Patrimonio Cultural de Castilla y Le&oacute;n","isPartOf":{"@id":"https:\/\/www.tierravoz.com\/patrimonioculturalcyl\/#website"},"primaryImageOfPage":{"@id":"https:\/\/www.tierravoz.com\/patrimonioculturalcyl\/politica-de-cookies\/#primaryimage"},"image":{"@id":"https:\/\/www.tierravoz.com\/patrimonioculturalcyl\/politica-de-cookies\/#primaryimage"},"thumbnailUrl":"https:\/\/www.tierravoz.com\/patrimonioculturalcyl\/wp-content\/uploads\/logo-pc-cyl-blanco-600.png","datePublished":"2021-07-23T10:30:43+00:00","dateModified":"2021-07-23T10:32:50+00:00","breadcrumb":{"@id":"https:\/\/www.tierravoz.com\/patrimonioculturalcyl\/politica-de-cookies\/#breadcrumb"},"inLanguage":"es","potentialAction":[{"@type":"ReadAction","target":["https:\/\/www.tierravoz.com\/patrimonioculturalcyl\/politica-de-cookies\/"]}]},{"@type":"ImageObject","inLanguage":"es","@id":"https:\/\/www.tierravoz.com\/patrimonioculturalcyl\/politica-de-cookies\/#primaryimage","url":"https:\/\/www.tierravoz.com\/patrimonioculturalcyl\/wp-content\/uploads\/logo-pc-cyl-blanco-600.png","contentUrl":"https:\/\/www.tierravoz.com\/patrimonioculturalcyl\/wp-content\/uploads\/logo-pc-cyl-blanco-600.png","width":600,"height":263},{"@type":"BreadcrumbList","@id":"https:\/\/www.tierravoz.com\/patrimonioculturalcyl\/politica-de-cookies\/#breadcrumb","itemListElement":[{"@type":"ListItem","position":1,"name":"Portada","item":"https:\/\/www.tierravoz.com\/patrimonioculturalcyl\/"},{"@type":"ListItem","position":2,"name":"Pol\u00edtica de cookies"}]},{"@type":"WebSite","@id":"https:\/\/www.tierravoz.com\/patrimonioculturalcyl\/#website","url":"https:\/\/www.tierravoz.com\/patrimonioculturalcyl\/","name":"Patrimonio Cultural de Castilla y Le&oacute;n","description":"Difundimos el legado colectivo de Castilla y Le&oacute;n","potentialAction":[{"@type":"SearchAction","target":{"@type":"EntryPoint","urlTemplate":"https:\/\/www.tierravoz.com\/patrimonioculturalcyl\/?s={search_term_string}"},"query-input":{"@type":"PropertyValueSpecification","valueRequired":true,"valueName":"search_term_string"}}],"inLanguage":"es"}]}},"_links":{"self":[{"href":"https:\/\/www.tierravoz.com\/patrimonioculturalcyl\/wp-json\/wp\/v2\/pages\/427","targetHints":{"allow":["GET"]}}],"collection":[{"href":"https:\/\/www.tierravoz.com\/patrimonioculturalcyl\/wp-json\/wp\/v2\/pages"}],"about":[{"href":"https:\/\/www.tierravoz.com\/patrimonioculturalcyl\/wp-json\/wp\/v2\/types\/page"}],"author":[{"embeddable":true,"href":"https:\/\/www.tierravoz.com\/patrimonioculturalcyl\/wp-json\/wp\/v2\/users\/1"}],"replies":[{"embeddable":true,"href":"https:\/\/www.tierravoz.com\/patrimonioculturalcyl\/wp-json\/wp\/v2\/comments?post=427"}],"version-history":[{"count":5,"href":"https:\/\/www.tierravoz.com\/patrimonioculturalcyl\/wp-json\/wp\/v2\/pages\/427\/revisions"}],"predecessor-version":[{"id":432,"href":"https:\/\/www.tierravoz.com\/patrimonioculturalcyl\/wp-json\/wp\/v2\/pages\/427\/revisions\/432"}],"wp:attachment":[{"href":"https:\/\/www.tierravoz.com\/patrimonioculturalcyl\/wp-json\/wp\/v2\/media?parent=427"}],"curies":[{"name":"wp","href":"https:\/\/api.w.org\/{rel}","templated":true}]}}