{"id":8,"date":"2021-07-19T15:59:18","date_gmt":"2021-07-19T15:59:18","guid":{"rendered":"https:\/\/www.tierravoz.com\/patrimonioculturalcyl\/?page_id=8"},"modified":"2022-10-17T10:23:18","modified_gmt":"2022-10-17T10:23:18","slug":"patrimonio-cultural-de-castilla-y-leon","status":"publish","type":"page","link":"https:\/\/www.tierravoz.com\/patrimonioculturalcyl\/","title":{"rendered":"Patrimonio Cultural de Castilla y Le\u00f3n"},"content":{"rendered":"\t\t<div data-elementor-type=\"wp-page\" data-elementor-id=\"8\" class=\"elementor elementor-8\">\n\t\t\t\t\t\t<section class=\"elementor-section elementor-top-section elementor-element elementor-element-b23163b elementor-section-height-full elementor-section-full_width elementor-section-content-middle elementor-section-height-default elementor-section-items-middle\" data-id=\"b23163b\" data-element_type=\"section\" data-e-type=\"section\" data-settings=\"{&quot;background_background&quot;:&quot;video&quot;,&quot;background_video_link&quot;:&quot;http:\\\/\\\/tierravoz.com\\\/patrimonioculturalcyl\\\/wp-content\\\/uploads\\\/degradado-patrimonio-mp4.mp4&quot;,&quot;background_play_on_mobile&quot;:&quot;yes&quot;,&quot;shape_divider_bottom&quot;:&quot;opacity-tilt&quot;}\">\n\t\t\t\t\t\t\t\t<div class=\"elementor-background-video-container\">\n\t\t\t\t\t\t\t\t\t\t\t\t\t<video class=\"elementor-background-video-hosted\" role=\"presentation\" autoplay muted playsinline loop><\/video>\n\t\t\t\t\t\t\t\t\t\t\t<\/div>\n\t\t\t\t\t\t\t<div class=\"elementor-shape elementor-shape-bottom\" aria-hidden=\"true\" data-negative=\"false\">\n\t\t\t<svg xmlns=\"http:\/\/www.w3.org\/2000\/svg\" viewBox=\"0 0 2600 131.1\" preserveAspectRatio=\"none\">\n\t<path class=\"elementor-shape-fill\" d=\"M0 0L2600 0 2600 69.1 0 0z\"\/>\n\t<path class=\"elementor-shape-fill\" style=\"opacity:0.5\" d=\"M0 0L2600 0 2600 69.1 0 69.1z\"\/>\n\t<path class=\"elementor-shape-fill\" style=\"opacity:0.25\" d=\"M2600 0L0 0 0 130.1 2600 69.1z\"\/>\n<\/svg>\t\t<\/div>\n\t\t\t\t\t<div class=\"elementor-container elementor-column-gap-default\">\n\t\t\t\t\t<div class=\"elementor-column elementor-col-100 elementor-top-column elementor-element elementor-element-b9d9d32\" data-id=\"b9d9d32\" data-element_type=\"column\" data-e-type=\"column\" data-settings=\"{&quot;background_background&quot;:&quot;classic&quot;}\">\n\t\t\t<div class=\"elementor-widget-wrap elementor-element-populated\">\n\t\t\t\t\t\t<section class=\"elementor-section elementor-inner-section elementor-element elementor-element-86a2a8c elementor-section-full_width elementor-section-content-middle elementor-section-height-default elementor-section-height-default\" data-id=\"86a2a8c\" data-element_type=\"section\" data-e-type=\"section\" data-settings=\"{&quot;background_background&quot;:&quot;classic&quot;}\">\n\t\t\t\t\t\t<div class=\"elementor-container elementor-column-gap-default\">\n\t\t\t\t\t<div class=\"elementor-column elementor-col-50 elementor-inner-column elementor-element elementor-element-522fe66\" data-id=\"522fe66\" data-element_type=\"column\" data-e-type=\"column\">\n\t\t\t<div class=\"elementor-widget-wrap\">\n\t\t\t\t\t\t\t<\/div>\n\t\t<\/div>\n\t\t\t\t<div class=\"elementor-column elementor-col-50 elementor-inner-column elementor-element elementor-element-f08cba4\" data-id=\"f08cba4\" data-element_type=\"column\" data-e-type=\"column\">\n\t\t\t<div class=\"elementor-widget-wrap elementor-element-populated\">\n\t\t\t\t\t\t<div class=\"elementor-element elementor-element-161112b pp-image-accordion-orientation-vertical pp-image-accordion-stack-on-tablet elementor-widget elementor-widget-pp-image-accordion\" data-id=\"161112b\" data-element_type=\"widget\" data-e-type=\"widget\" data-settings=\"{&quot;accordion_action&quot;:&quot;on-hover&quot;}\" data-widget_type=\"pp-image-accordion.default\">\n\t\t\t\t<div class=\"elementor-widget-container\">\n\t\t\t\t\t\t\t\t<div class=\"pp-image-accordion pp-image-accordion-on-hover\" id=\"pp-image-accordion-161112b\">\n\t\t\t\t\t\t\t\t\t\t\t\t\t\t<div class=\"pp-image-accordion-item elementor-repeater-item-4d6c3ba lazyload\" style=\"background-image:inherit;\" data-bg-image=\"url(https:\/\/www.tierravoz.com\/patrimonioculturalcyl\/wp-content\/uploads\/CanaldeCastilla-Fromista-Esclusas170-copia.jpg)\">\n\t\t\t\t\t\t<div class=\"pp-image-accordion-overlay pp-media-overlay\">\n\t\t\t\t\t\t\t<div class=\"pp-image-accordion-content-wrap\">\n\t\t\t\t\t\t\t\t<div class=\"pp-image-accordion-content\">\n\t\t\t\t\t\t\t\t\t\t\t\t\t\t\t\t\t\t<h2 class=\"pp-image-accordion-title\">\n\t\t\t\t\t\t\t\t\t\t\t\t\t\t\t\t\t\t\t<\/h2>\n\t\t\t\t\t\t\t\t\t<div class=\"pp-image-accordion-description\">\n\t\t\t\t\t\t\t\t\t\t<p>Canal de Castilla a su paso por Fr\u00f3mista (Palencia).<\/p>\t\t\t\t\t\t\t\t\t<\/div>\n\t\t\t\t\t\t\t\t<\/div>\n\t\t\t\t\t\t\t\t\t\t\t\t\t\t\t<\/div>\n\t\t\t\t\t\t<\/div>\n\t\t\t\t\t<\/div>\n\t\t\t\t\t\t\t\t\t\t\t\t\t\t<div class=\"pp-image-accordion-item elementor-repeater-item-865815b lazyload\" style=\"background-image:inherit;\" data-bg-image=\"url(https:\/\/www.tierravoz.com\/patrimonioculturalcyl\/wp-content\/uploads\/LE_Catedral_fotoBenitoArnaiz_201402150-copia.jpg)\">\n\t\t\t\t\t\t<div class=\"pp-image-accordion-overlay pp-media-overlay\">\n\t\t\t\t\t\t\t<div class=\"pp-image-accordion-content-wrap\">\n\t\t\t\t\t\t\t\t<div class=\"pp-image-accordion-content\">\n\t\t\t\t\t\t\t\t\t\t\t\t\t\t\t\t\t\t<h2 class=\"pp-image-accordion-title\">\n\t\t\t\t\t\t\t\t\t\t\t\t\t\t\t\t\t\t\t<\/h2>\n\t\t\t\t\t\t\t\t\t<div class=\"pp-image-accordion-description\">\n\t\t\t\t\t\t\t\t\t\t<p>Catedral de Le\u00f3n.<\/p>\t\t\t\t\t\t\t\t\t<\/div>\n\t\t\t\t\t\t\t\t<\/div>\n\t\t\t\t\t\t\t\t\t\t\t\t\t\t\t<\/div>\n\t\t\t\t\t\t<\/div>\n\t\t\t\t\t<\/div>\n\t\t\t\t\t\t\t\t\t\t\t\t\t\t<div class=\"pp-image-accordion-item elementor-repeater-item-13e2a5b lazyload\" style=\"background-image:inherit;\" data-bg-image=\"url(https:\/\/www.tierravoz.com\/patrimonioculturalcyl\/wp-content\/uploads\/Verracos0-copia.jpg)\">\n\t\t\t\t\t\t<div class=\"pp-image-accordion-overlay pp-media-overlay\">\n\t\t\t\t\t\t\t<div class=\"pp-image-accordion-content-wrap\">\n\t\t\t\t\t\t\t\t<div class=\"pp-image-accordion-content\">\n\t\t\t\t\t\t\t\t\t\t\t\t\t\t\t\t\t\t<h2 class=\"pp-image-accordion-title\">\n\t\t\t\t\t\t\t\t\t\t\t\t\t\t\t\t\t\t\t<\/h2>\n\t\t\t\t\t\t\t\t\t<div class=\"pp-image-accordion-description\">\n\t\t\t\t\t\t\t\t\t\t<p>Verracos en \u00c1vila.<\/p>\t\t\t\t\t\t\t\t\t<\/div>\n\t\t\t\t\t\t\t\t<\/div>\n\t\t\t\t\t\t\t\t\t\t\t\t\t\t\t<\/div>\n\t\t\t\t\t\t<\/div>\n\t\t\t\t\t<\/div>\n\t\t\t\t\t\t\t\t\t\t\t\t\t\t<div class=\"pp-image-accordion-item elementor-repeater-item-654265e lazyload\" style=\"background-image:inherit;\" data-bg-image=\"url(https:\/\/www.tierravoz.com\/patrimonioculturalcyl\/wp-content\/uploads\/campos-trigo-soria-copia.jpg)\">\n\t\t\t\t\t\t<div class=\"pp-image-accordion-overlay pp-media-overlay\">\n\t\t\t\t\t\t\t<div class=\"pp-image-accordion-content-wrap\">\n\t\t\t\t\t\t\t\t<div class=\"pp-image-accordion-content\">\n\t\t\t\t\t\t\t\t\t\t\t\t\t\t\t\t\t\t<h2 class=\"pp-image-accordion-title\">\n\t\t\t\t\t\t\t\t\t\t\t\t\t\t\t\t\t\t\t<\/h2>\n\t\t\t\t\t\t\t\t\t<div class=\"pp-image-accordion-description\">\n\t\t\t\t\t\t\t\t\t\t<p>Campos de trigo en Soria.<\/p>\t\t\t\t\t\t\t\t\t<\/div>\n\t\t\t\t\t\t\t\t<\/div>\n\t\t\t\t\t\t\t\t\t\t\t\t\t\t\t<\/div>\n\t\t\t\t\t\t<\/div>\n\t\t\t\t\t<\/div>\n\t\t\t\t\t\t\t\t\t\t\t\t\t\t<div class=\"pp-image-accordion-item elementor-repeater-item-2240a96 lazyload\" style=\"background-image:inherit;\" data-bg-image=\"url(https:\/\/www.tierravoz.com\/patrimonioculturalcyl\/wp-content\/uploads\/BU_LasMachorras_FiestaNtaSradelasNieves_fotoBenitoArnaiz_1M6R25270-copia.jpg)\">\n\t\t\t\t\t\t<div class=\"pp-image-accordion-overlay pp-media-overlay\">\n\t\t\t\t\t\t\t<div class=\"pp-image-accordion-content-wrap\">\n\t\t\t\t\t\t\t\t<div class=\"pp-image-accordion-content\">\n\t\t\t\t\t\t\t\t\t\t\t\t\t\t\t\t\t\t<h2 class=\"pp-image-accordion-title\">\n\t\t\t\t\t\t\t\t\t\t\t\t\t\t\t\t\t\t\t<\/h2>\n\t\t\t\t\t\t\t\t\t<div class=\"pp-image-accordion-description\">\n\t\t\t\t\t\t\t\t\t\t<p>Fiesta de Nuestra Se\u00f1ora de las Nieves en Las Machorras, Espinosa de los Monteros (Burgos).<\/p>\t\t\t\t\t\t\t\t\t<\/div>\n\t\t\t\t\t\t\t\t<\/div>\n\t\t\t\t\t\t\t\t\t\t\t\t\t\t\t<\/div>\n\t\t\t\t\t\t<\/div>\n\t\t\t\t\t<\/div>\n\t\t\t\t\t\t\t<\/div>\n\t\t\t\t\t\t<\/div>\n\t\t\t\t<\/div>\n\t\t\t\t\t<\/div>\n\t\t<\/div>\n\t\t\t\t\t<\/div>\n\t\t<\/section>\n\t\t\t\t<section class=\"elementor-section elementor-inner-section elementor-element elementor-element-b516797 elementor-section-full_width elementor-section-height-default elementor-section-height-default\" data-id=\"b516797\" data-element_type=\"section\" data-e-type=\"section\">\n\t\t\t\t\t\t<div class=\"elementor-container elementor-column-gap-default\">\n\t\t\t\t\t<div class=\"elementor-column elementor-col-50 elementor-inner-column elementor-element elementor-element-4662c48\" data-id=\"4662c48\" data-element_type=\"column\" data-e-type=\"column\">\n\t\t\t<div class=\"elementor-widget-wrap elementor-element-populated\">\n\t\t\t\t\t\t<div class=\"elementor-element elementor-element-907c3a1 elementor-widget elementor-widget-image\" data-id=\"907c3a1\" data-element_type=\"widget\" data-e-type=\"widget\" data-widget_type=\"image.default\">\n\t\t\t\t<div class=\"elementor-widget-container\">\n\t\t\t\t\t\t\t\t\t\t\t\t\t\t\t\t<a href=\"http:\/\/tierravoz.com\/patrimonioculturalcyl\/#proyecto\">\n\t\t\t\t\t\t\t<img decoding=\"async\" data-src=\"https:\/\/www.tierravoz.com\/patrimonioculturalcyl\/wp-content\/uploads\/elementor\/thumbs\/flecha-01-pwc85vpjoyhmc82j9ycvd0vib72wjxcasgnvvh5gs6.png\" title=\"flecha-01\" alt=\"flecha-01\" src=\"data:image\/svg+xml;base64,PHN2ZyB3aWR0aD0iMSIgaGVpZ2h0PSIxIiB4bWxucz0iaHR0cDovL3d3dy53My5vcmcvMjAwMC9zdmciPjwvc3ZnPg==\" class=\"lazyload\" style=\"--smush-placeholder-width: 70px; --smush-placeholder-aspect-ratio: 70\/95;\" \/>\t\t\t\t\t\t\t\t<\/a>\n\t\t\t\t\t\t\t\t\t\t\t\t\t\t\t<\/div>\n\t\t\t\t<\/div>\n\t\t\t\t\t<\/div>\n\t\t<\/div>\n\t\t\t\t<div class=\"elementor-column elementor-col-50 elementor-inner-column elementor-element elementor-element-4420581\" data-id=\"4420581\" data-element_type=\"column\" data-e-type=\"column\">\n\t\t\t<div class=\"elementor-widget-wrap\">\n\t\t\t\t\t\t\t<\/div>\n\t\t<\/div>\n\t\t\t\t\t<\/div>\n\t\t<\/section>\n\t\t\t\t\t<\/div>\n\t\t<\/div>\n\t\t\t\t\t<\/div>\n\t\t<\/section>\n\t\t\t\t<section class=\"elementor-section elementor-top-section elementor-element elementor-element-2c4403c elementor-section-full_width elementor-section-height-default elementor-section-height-default\" data-id=\"2c4403c\" data-element_type=\"section\" data-e-type=\"section\" id=\"proyecto\" data-settings=\"{&quot;background_background&quot;:&quot;classic&quot;}\">\n\t\t\t\t\t\t<div class=\"elementor-container elementor-column-gap-default\">\n\t\t\t\t\t<div class=\"elementor-column elementor-col-100 elementor-top-column elementor-element elementor-element-fd7dd9d\" data-id=\"fd7dd9d\" data-element_type=\"column\" data-e-type=\"column\">\n\t\t\t<div class=\"elementor-widget-wrap elementor-element-populated\">\n\t\t\t\t\t\t<section class=\"elementor-section elementor-inner-section elementor-element elementor-element-7274714 elementor-section-boxed elementor-section-height-default elementor-section-height-default\" data-id=\"7274714\" data-element_type=\"section\" data-e-type=\"section\">\n\t\t\t\t\t\t<div class=\"elementor-container elementor-column-gap-default\">\n\t\t\t\t\t<div class=\"elementor-column elementor-col-100 elementor-inner-column elementor-element elementor-element-ffa116e\" data-id=\"ffa116e\" data-element_type=\"column\" data-e-type=\"column\">\n\t\t\t<div class=\"elementor-widget-wrap elementor-element-populated\">\n\t\t\t\t\t\t<div class=\"elementor-element elementor-element-6d05a52 elementor-widget elementor-widget-text-editor\" data-id=\"6d05a52\" data-element_type=\"widget\" data-e-type=\"widget\" data-widget_type=\"text-editor.default\">\n\t\t\t\t<div class=\"elementor-widget-container\">\n\t\t\t\t\t\t\t\t\t<p><strong>Un proyecto para difundir y sensibilizar sobre el legado colectivo de Castilla y Le\u00f3n,<\/strong> su capacidad creativa, los diversos modos de vida, creencias y esperanzas de las comunidades de este territorio.<\/p>\t\t\t\t\t\t\t\t<\/div>\n\t\t\t\t<\/div>\n\t\t\t\t\t<\/div>\n\t\t<\/div>\n\t\t\t\t\t<\/div>\n\t\t<\/section>\n\t\t\t\t<section class=\"elementor-section elementor-inner-section elementor-element elementor-element-848003f elementor-section-full_width elementor-section-height-default elementor-section-height-default\" data-id=\"848003f\" data-element_type=\"section\" data-e-type=\"section\">\n\t\t\t\t\t\t<div class=\"elementor-container elementor-column-gap-default\">\n\t\t\t\t\t<div class=\"elementor-column elementor-col-100 elementor-inner-column elementor-element elementor-element-3b6804d\" data-id=\"3b6804d\" data-element_type=\"column\" data-e-type=\"column\">\n\t\t\t<div class=\"elementor-widget-wrap elementor-element-populated\">\n\t\t\t\t\t\t<div class=\"elementor-element elementor-element-7f65daf elementor-widget elementor-widget-image-carousel\" data-id=\"7f65daf\" data-element_type=\"widget\" data-e-type=\"widget\" data-settings=\"{&quot;slides_to_show&quot;:&quot;6&quot;,&quot;navigation&quot;:&quot;none&quot;,&quot;slides_to_show_mobile&quot;:&quot;1&quot;,&quot;autoplay_speed&quot;:1,&quot;speed&quot;:4000,&quot;autoplay&quot;:&quot;yes&quot;,&quot;pause_on_hover&quot;:&quot;yes&quot;,&quot;pause_on_interaction&quot;:&quot;yes&quot;,&quot;infinite&quot;:&quot;yes&quot;}\" data-widget_type=\"image-carousel.default\">\n\t\t\t\t<div class=\"elementor-widget-container\">\n\t\t\t\t\t\t\t<div class=\"elementor-image-carousel-wrapper swiper\" role=\"region\" aria-roledescription=\"carousel\" aria-label=\"Carrusel de im\u00e1genes\" dir=\"ltr\">\n\t\t\t<div class=\"elementor-image-carousel swiper-wrapper\" aria-live=\"off\">\n\t\t\t\t\t\t\t\t<div class=\"swiper-slide\" role=\"group\" aria-roledescription=\"slide\" aria-label=\"1 de 36\"><a data-elementor-open-lightbox=\"yes\" data-elementor-lightbox-slideshow=\"7f65daf\" data-elementor-lightbox-title=\"campos-trigo-soria copia\" data-e-action-hash=\"#elementor-action%3Aaction%3Dlightbox%26settings%3DeyJpZCI6NTUxLCJ1cmwiOiJodHRwczpcL1wvd3d3LnRpZXJyYXZvei5jb21cL3BhdHJpbW9uaW9jdWx0dXJhbGN5bFwvd3AtY29udGVudFwvdXBsb2Fkc1wvY2FtcG9zLXRyaWdvLXNvcmlhLWNvcGlhLmpwZyIsInNsaWRlc2hvdyI6IjdmNjVkYWYifQ%3D%3D\" href=\"https:\/\/www.tierravoz.com\/patrimonioculturalcyl\/wp-content\/uploads\/campos-trigo-soria-copia.jpg\"><figure class=\"swiper-slide-inner\"><img decoding=\"async\" class=\"swiper-slide-image lazyload\" data-src=\"https:\/\/www.tierravoz.com\/patrimonioculturalcyl\/wp-content\/uploads\/elementor\/thumbs\/campos-trigo-soria-copia-pwc95aaz8auzqc6fbr64dpxpzjcqfldcvhympja1fo.jpg\" alt=\"Detalle campos de trigo Soria\" src=\"data:image\/svg+xml;base64,PHN2ZyB3aWR0aD0iMSIgaGVpZ2h0PSIxIiB4bWxucz0iaHR0cDovL3d3dy53My5vcmcvMjAwMC9zdmciPjwvc3ZnPg==\" style=\"--smush-placeholder-width: 900px; --smush-placeholder-aspect-ratio: 900\/506;\" \/><\/figure><\/a><\/div><div class=\"swiper-slide\" role=\"group\" aria-roledescription=\"slide\" aria-label=\"2 de 36\"><a data-elementor-open-lightbox=\"yes\" data-elementor-lightbox-slideshow=\"7f65daf\" data-elementor-lightbox-title=\"pepa-partituras copia\" data-e-action-hash=\"#elementor-action%3Aaction%3Dlightbox%26settings%3DeyJpZCI6NTM5LCJ1cmwiOiJodHRwczpcL1wvd3d3LnRpZXJyYXZvei5jb21cL3BhdHJpbW9uaW9jdWx0dXJhbGN5bFwvd3AtY29udGVudFwvdXBsb2Fkc1wvcGVwYS1wYXJ0aXR1cmFzLWNvcGlhLmpwZyIsInNsaWRlc2hvdyI6IjdmNjVkYWYifQ%3D%3D\" href=\"https:\/\/www.tierravoz.com\/patrimonioculturalcyl\/wp-content\/uploads\/pepa-partituras-copia.jpg\"><figure class=\"swiper-slide-inner\"><img decoding=\"async\" class=\"swiper-slide-image lazyload\" data-src=\"https:\/\/www.tierravoz.com\/patrimonioculturalcyl\/wp-content\/uploads\/elementor\/thumbs\/pepa-partituras-copia-pwc8uy2w1wpg0r73pa9uybv6qybdrgbngbmcnylxvo.jpg\" alt=\"Partituras detalle\" src=\"data:image\/svg+xml;base64,PHN2ZyB3aWR0aD0iMSIgaGVpZ2h0PSIxIiB4bWxucz0iaHR0cDovL3d3dy53My5vcmcvMjAwMC9zdmciPjwvc3ZnPg==\" style=\"--smush-placeholder-width: 900px; --smush-placeholder-aspect-ratio: 900\/506;\" \/><\/figure><\/a><\/div><div class=\"swiper-slide\" role=\"group\" aria-roledescription=\"slide\" aria-label=\"3 de 36\"><a data-elementor-open-lightbox=\"yes\" data-elementor-lightbox-slideshow=\"7f65daf\" data-elementor-lightbox-title=\"manteiga_6 copia\" data-e-action-hash=\"#elementor-action%3Aaction%3Dlightbox%26settings%3DeyJpZCI6NTQ2LCJ1cmwiOiJodHRwczpcL1wvd3d3LnRpZXJyYXZvei5jb21cL3BhdHJpbW9uaW9jdWx0dXJhbGN5bFwvd3AtY29udGVudFwvdXBsb2Fkc1wvbWFudGVpZ2FfNi1jb3BpYS5qcGciLCJzbGlkZXNob3ciOiI3ZjY1ZGFmIn0%3D\" href=\"https:\/\/www.tierravoz.com\/patrimonioculturalcyl\/wp-content\/uploads\/manteiga_6-copia.jpg\"><figure class=\"swiper-slide-inner\"><img decoding=\"async\" class=\"swiper-slide-image lazyload\" data-src=\"https:\/\/www.tierravoz.com\/patrimonioculturalcyl\/wp-content\/uploads\/elementor\/thumbs\/manteiga_6-copia-pwc91w3yju7pt13x5acmdkrsrg30mxw92p5ibkb7wk.jpg\" alt=\"Detalle manteiga Tsaciana\" src=\"data:image\/svg+xml;base64,PHN2ZyB3aWR0aD0iMSIgaGVpZ2h0PSIxIiB4bWxucz0iaHR0cDovL3d3dy53My5vcmcvMjAwMC9zdmciPjwvc3ZnPg==\" style=\"--smush-placeholder-width: 900px; --smush-placeholder-aspect-ratio: 900\/506;\" \/><\/figure><\/a><\/div><div class=\"swiper-slide\" role=\"group\" aria-roledescription=\"slide\" aria-label=\"4 de 36\"><a data-elementor-open-lightbox=\"yes\" data-elementor-lightbox-slideshow=\"7f65daf\" data-elementor-lightbox-title=\"conv-1024x607-1 copia\" data-e-action-hash=\"#elementor-action%3Aaction%3Dlightbox%26settings%3DeyJpZCI6NTI2LCJ1cmwiOiJodHRwczpcL1wvd3d3LnRpZXJyYXZvei5jb21cL3BhdHJpbW9uaW9jdWx0dXJhbGN5bFwvd3AtY29udGVudFwvdXBsb2Fkc1wvY29udi0xMDI0eDYwNy0xLWNvcGlhLmpwZyIsInNsaWRlc2hvdyI6IjdmNjVkYWYifQ%3D%3D\" href=\"https:\/\/www.tierravoz.com\/patrimonioculturalcyl\/wp-content\/uploads\/conv-1024x607-1-copia.jpg\"><figure class=\"swiper-slide-inner\"><img decoding=\"async\" class=\"swiper-slide-image lazyload\" data-src=\"https:\/\/www.tierravoz.com\/patrimonioculturalcyl\/wp-content\/uploads\/elementor\/thumbs\/conv-1024x607-1-copia-pwc8c1jqlutuj2nm343yt3lgnzhmyl9zirat7mmz0k.jpg\" alt=\"conversos detalle pilar\" src=\"data:image\/svg+xml;base64,PHN2ZyB3aWR0aD0iMSIgaGVpZ2h0PSIxIiB4bWxucz0iaHR0cDovL3d3dy53My5vcmcvMjAwMC9zdmciPjwvc3ZnPg==\" style=\"--smush-placeholder-width: 900px; --smush-placeholder-aspect-ratio: 900\/506;\" \/><\/figure><\/a><\/div><div class=\"swiper-slide\" role=\"group\" aria-roledescription=\"slide\" aria-label=\"5 de 36\"><a data-elementor-open-lightbox=\"yes\" data-elementor-lightbox-slideshow=\"7f65daf\" data-elementor-lightbox-title=\"abraza-la-tierra21 copia\" data-e-action-hash=\"#elementor-action%3Aaction%3Dlightbox%26settings%3DeyJpZCI6NTI0LCJ1cmwiOiJodHRwczpcL1wvd3d3LnRpZXJyYXZvei5jb21cL3BhdHJpbW9uaW9jdWx0dXJhbGN5bFwvd3AtY29udGVudFwvdXBsb2Fkc1wvYWJyYXphLWxhLXRpZXJyYTIxLWNvcGlhLmpwZyIsInNsaWRlc2hvdyI6IjdmNjVkYWYifQ%3D%3D\" href=\"https:\/\/www.tierravoz.com\/patrimonioculturalcyl\/wp-content\/uploads\/abraza-la-tierra21-copia.jpg\"><figure class=\"swiper-slide-inner\"><img decoding=\"async\" class=\"swiper-slide-image lazyload\" data-src=\"https:\/\/www.tierravoz.com\/patrimonioculturalcyl\/wp-content\/uploads\/elementor\/thumbs\/abraza-la-tierra21-copia-pwc89tnggxsh47vo1nkof5ra68ffsbgsvrujf3xfpg.jpg\" alt=\"abraza-la-tierra21 copia\" src=\"data:image\/svg+xml;base64,PHN2ZyB3aWR0aD0iMSIgaGVpZ2h0PSIxIiB4bWxucz0iaHR0cDovL3d3dy53My5vcmcvMjAwMC9zdmciPjwvc3ZnPg==\" style=\"--smush-placeholder-width: 900px; --smush-placeholder-aspect-ratio: 900\/506;\" \/><\/figure><\/a><\/div><div class=\"swiper-slide\" role=\"group\" aria-roledescription=\"slide\" aria-label=\"6 de 36\"><a data-elementor-open-lightbox=\"yes\" data-elementor-lightbox-slideshow=\"7f65daf\" data-elementor-lightbox-title=\"tsingua-panderos copia\" data-e-action-hash=\"#elementor-action%3Aaction%3Dlightbox%26settings%3DeyJpZCI6NTMwLCJ1cmwiOiJodHRwczpcL1wvd3d3LnRpZXJyYXZvei5jb21cL3BhdHJpbW9uaW9jdWx0dXJhbGN5bFwvd3AtY29udGVudFwvdXBsb2Fkc1wvdHNpbmd1YS1wYW5kZXJvcy1jb3BpYS5qcGciLCJzbGlkZXNob3ciOiI3ZjY1ZGFmIn0%3D\" href=\"https:\/\/www.tierravoz.com\/patrimonioculturalcyl\/wp-content\/uploads\/tsingua-panderos-copia.jpg\"><figure class=\"swiper-slide-inner\"><img decoding=\"async\" class=\"swiper-slide-image lazyload\" data-src=\"https:\/\/www.tierravoz.com\/patrimonioculturalcyl\/wp-content\/uploads\/elementor\/thumbs\/tsingua-panderos-copia-pwc8elnx7mby4uxt57xelgcmvqvlwxfojf8e8que2s.jpg\" alt=\"Tocando el pandero Tsaciana\" src=\"data:image\/svg+xml;base64,PHN2ZyB3aWR0aD0iMSIgaGVpZ2h0PSIxIiB4bWxucz0iaHR0cDovL3d3dy53My5vcmcvMjAwMC9zdmciPjwvc3ZnPg==\" style=\"--smush-placeholder-width: 900px; --smush-placeholder-aspect-ratio: 900\/506;\" \/><\/figure><\/a><\/div><div class=\"swiper-slide\" role=\"group\" aria-roledescription=\"slide\" aria-label=\"7 de 36\"><a data-elementor-open-lightbox=\"yes\" data-elementor-lightbox-slideshow=\"7f65daf\" data-elementor-lightbox-title=\"hijos-textil-bejar copia\" data-e-action-hash=\"#elementor-action%3Aaction%3Dlightbox%26settings%3DeyJpZCI6NTMyLCJ1cmwiOiJodHRwczpcL1wvd3d3LnRpZXJyYXZvei5jb21cL3BhdHJpbW9uaW9jdWx0dXJhbGN5bFwvd3AtY29udGVudFwvdXBsb2Fkc1wvaGlqb3MtdGV4dGlsLWJlamFyLWNvcGlhLmpwZyIsInNsaWRlc2hvdyI6IjdmNjVkYWYifQ%3D%3D\" href=\"https:\/\/www.tierravoz.com\/patrimonioculturalcyl\/wp-content\/uploads\/hijos-textil-bejar-copia.jpg\"><figure class=\"swiper-slide-inner\"><img decoding=\"async\" class=\"swiper-slide-image lazyload\" data-src=\"https:\/\/www.tierravoz.com\/patrimonioculturalcyl\/wp-content\/uploads\/elementor\/thumbs\/hijos-textil-bejar-copia-pwc8hw3l4qu2rq5rxn4ebmgpqanuushuzpfkplysas.jpg\" alt=\"hijos-textil-bejar copia\" src=\"data:image\/svg+xml;base64,PHN2ZyB3aWR0aD0iMSIgaGVpZ2h0PSIxIiB4bWxucz0iaHR0cDovL3d3dy53My5vcmcvMjAwMC9zdmciPjwvc3ZnPg==\" style=\"--smush-placeholder-width: 900px; --smush-placeholder-aspect-ratio: 900\/506;\" \/><\/figure><\/a><\/div><div class=\"swiper-slide\" role=\"group\" aria-roledescription=\"slide\" aria-label=\"8 de 36\"><a data-elementor-open-lightbox=\"yes\" data-elementor-lightbox-slideshow=\"7f65daf\" data-elementor-lightbox-title=\"FRANCISCO-MARTIN_CALOCHOS-ALISTE copia\" data-e-action-hash=\"#elementor-action%3Aaction%3Dlightbox%26settings%3DeyJpZCI6NTQyLCJ1cmwiOiJodHRwczpcL1wvd3d3LnRpZXJyYXZvei5jb21cL3BhdHJpbW9uaW9jdWx0dXJhbGN5bFwvd3AtY29udGVudFwvdXBsb2Fkc1wvRlJBTkNJU0NPLU1BUlRJTl9DQUxPQ0hPUy1BTElTVEUtY29waWEuanBnIiwic2xpZGVzaG93IjoiN2Y2NWRhZiJ9\" href=\"https:\/\/www.tierravoz.com\/patrimonioculturalcyl\/wp-content\/uploads\/FRANCISCO-MARTIN_CALOCHOS-ALISTE-copia.jpg\"><figure class=\"swiper-slide-inner\"><img decoding=\"async\" class=\"swiper-slide-image lazyload\" data-src=\"https:\/\/www.tierravoz.com\/patrimonioculturalcyl\/wp-content\/uploads\/elementor\/thumbs\/FRANCISCO-MARTIN_CALOCHOS-ALISTE-copia-pwc8zq3csl8x1e98suml4mgjggrjw2aj3z07hliw90.jpg\" alt=\"FRANCISCO-MARTIN_CALOCHOS-ALISTE copia\" src=\"data:image\/svg+xml;base64,PHN2ZyB3aWR0aD0iMSIgaGVpZ2h0PSIxIiB4bWxucz0iaHR0cDovL3d3dy53My5vcmcvMjAwMC9zdmciPjwvc3ZnPg==\" style=\"--smush-placeholder-width: 900px; --smush-placeholder-aspect-ratio: 900\/506;\" \/><\/figure><\/a><\/div><div class=\"swiper-slide\" role=\"group\" aria-roledescription=\"slide\" aria-label=\"9 de 36\"><a data-elementor-open-lightbox=\"yes\" data-elementor-lightbox-slideshow=\"7f65daf\" data-elementor-lightbox-title=\"museo-numantino copia\" data-e-action-hash=\"#elementor-action%3Aaction%3Dlightbox%26settings%3DeyJpZCI6NTM4LCJ1cmwiOiJodHRwczpcL1wvd3d3LnRpZXJyYXZvei5jb21cL3BhdHJpbW9uaW9jdWx0dXJhbGN5bFwvd3AtY29udGVudFwvdXBsb2Fkc1wvbXVzZW8tbnVtYW50aW5vLWNvcGlhLmpwZyIsInNsaWRlc2hvdyI6IjdmNjVkYWYifQ%3D%3D\" href=\"https:\/\/www.tierravoz.com\/patrimonioculturalcyl\/wp-content\/uploads\/museo-numantino-copia.jpg\"><figure class=\"swiper-slide-inner\"><img decoding=\"async\" class=\"swiper-slide-image lazyload\" data-src=\"https:\/\/www.tierravoz.com\/patrimonioculturalcyl\/wp-content\/uploads\/elementor\/thumbs\/museo-numantino-copia-pwc8t1go703ih7yrtym3eb6jdtpl5jr8uvzwmrfohw.jpg\" alt=\"museo-numantino copia\" src=\"data:image\/svg+xml;base64,PHN2ZyB3aWR0aD0iMSIgaGVpZ2h0PSIxIiB4bWxucz0iaHR0cDovL3d3dy53My5vcmcvMjAwMC9zdmciPjwvc3ZnPg==\" style=\"--smush-placeholder-width: 900px; --smush-placeholder-aspect-ratio: 900\/506;\" \/><\/figure><\/a><\/div><div class=\"swiper-slide\" role=\"group\" aria-roledescription=\"slide\" aria-label=\"10 de 36\"><a data-elementor-open-lightbox=\"yes\" data-elementor-lightbox-slideshow=\"7f65daf\" data-elementor-lightbox-title=\"Verracos0 copia\" data-e-action-hash=\"#elementor-action%3Aaction%3Dlightbox%26settings%3DeyJpZCI6NjY2LCJ1cmwiOiJodHRwczpcL1wvd3d3LnRpZXJyYXZvei5jb21cL3BhdHJpbW9uaW9jdWx0dXJhbGN5bFwvd3AtY29udGVudFwvdXBsb2Fkc1wvVmVycmFjb3MwLWNvcGlhLmpwZyIsInNsaWRlc2hvdyI6IjdmNjVkYWYifQ%3D%3D\" href=\"https:\/\/www.tierravoz.com\/patrimonioculturalcyl\/wp-content\/uploads\/Verracos0-copia.jpg\"><figure class=\"swiper-slide-inner\"><img decoding=\"async\" class=\"swiper-slide-image lazyload\" data-src=\"https:\/\/www.tierravoz.com\/patrimonioculturalcyl\/wp-content\/uploads\/elementor\/thumbs\/Verracos0-copia-pwcbsbri98ypmy4kcu44hqjka2wspuob9wm1kqd0as.jpg\" alt=\"Verracos0 copia\" src=\"data:image\/svg+xml;base64,PHN2ZyB3aWR0aD0iMSIgaGVpZ2h0PSIxIiB4bWxucz0iaHR0cDovL3d3dy53My5vcmcvMjAwMC9zdmciPjwvc3ZnPg==\" style=\"--smush-placeholder-width: 900px; --smush-placeholder-aspect-ratio: 900\/506;\" \/><\/figure><\/a><\/div><div class=\"swiper-slide\" role=\"group\" aria-roledescription=\"slide\" aria-label=\"11 de 36\"><a data-elementor-open-lightbox=\"yes\" data-elementor-lightbox-slideshow=\"7f65daf\" data-elementor-lightbox-title=\"AV_Candeleda_ElRaso_MajadaBragillas_fotoBenitoArnaiz_20140601_0110 copia\" data-e-action-hash=\"#elementor-action%3Aaction%3Dlightbox%26settings%3DeyJpZCI6NjQwLCJ1cmwiOiJodHRwczpcL1wvd3d3LnRpZXJyYXZvei5jb21cL3BhdHJpbW9uaW9jdWx0dXJhbGN5bFwvd3AtY29udGVudFwvdXBsb2Fkc1wvQVZfQ2FuZGVsZWRhX0VsUmFzb19NYWphZGFCcmFnaWxsYXNfZm90b0Jlbml0b0FybmFpel8yMDE0MDYwMV8wMTEwLWNvcGlhLmpwZyIsInNsaWRlc2hvdyI6IjdmNjVkYWYifQ%3D%3D\" href=\"https:\/\/www.tierravoz.com\/patrimonioculturalcyl\/wp-content\/uploads\/AV_Candeleda_ElRaso_MajadaBragillas_fotoBenitoArnaiz_20140601_0110-copia.jpg\"><figure class=\"swiper-slide-inner\"><img decoding=\"async\" class=\"swiper-slide-image lazyload\" data-src=\"https:\/\/www.tierravoz.com\/patrimonioculturalcyl\/wp-content\/uploads\/elementor\/thumbs\/AV_Candeleda_ElRaso_MajadaBragillas_fotoBenitoArnaiz_20140601_0110-copia-pwcbgsauch5z3aw1quj0vndtprsk7muycs9fgfh0p0.jpg\" alt=\"AV_Candeleda_ElRaso_MajadaBragillas_fotoBenitoArnaiz_20140601_0110 copia\" src=\"data:image\/svg+xml;base64,PHN2ZyB3aWR0aD0iMSIgaGVpZ2h0PSIxIiB4bWxucz0iaHR0cDovL3d3dy53My5vcmcvMjAwMC9zdmciPjwvc3ZnPg==\" style=\"--smush-placeholder-width: 900px; --smush-placeholder-aspect-ratio: 900\/506;\" \/><\/figure><\/a><\/div><div class=\"swiper-slide\" role=\"group\" aria-roledescription=\"slide\" aria-label=\"12 de 36\"><a data-elementor-open-lightbox=\"yes\" data-elementor-lightbox-slideshow=\"7f65daf\" data-elementor-lightbox-title=\"1000X650_ZAMORA_PINO_VILLADEPERA__PuenteRequejo_fotoBenitoArnaiz copia\" data-e-action-hash=\"#elementor-action%3Aaction%3Dlightbox%26settings%3DeyJpZCI6NjU0LCJ1cmwiOiJodHRwczpcL1wvd3d3LnRpZXJyYXZvei5jb21cL3BhdHJpbW9uaW9jdWx0dXJhbGN5bFwvd3AtY29udGVudFwvdXBsb2Fkc1wvMTAwMFg2NTBfWkFNT1JBX1BJTk9fVklMTEFERVBFUkFfX1B1ZW50ZVJlcXVlam9fZm90b0Jlbml0b0FybmFpei1jb3BpYS5qcGciLCJzbGlkZXNob3ciOiI3ZjY1ZGFmIn0%3D\" href=\"https:\/\/www.tierravoz.com\/patrimonioculturalcyl\/wp-content\/uploads\/1000X650_ZAMORA_PINO_VILLADEPERA__PuenteRequejo_fotoBenitoArnaiz-copia.jpg\"><figure class=\"swiper-slide-inner\"><img decoding=\"async\" class=\"swiper-slide-image lazyload\" data-src=\"https:\/\/www.tierravoz.com\/patrimonioculturalcyl\/wp-content\/uploads\/elementor\/thumbs\/1000X650_ZAMORA_PINO_VILLADEPERA__PuenteRequejo_fotoBenitoArnaiz-copia-pwcbmfbzcovwr2p4taafu85e0zzue98z4p6b473zd0.jpg\" alt=\"Puente Zamora\" src=\"data:image\/svg+xml;base64,PHN2ZyB3aWR0aD0iMSIgaGVpZ2h0PSIxIiB4bWxucz0iaHR0cDovL3d3dy53My5vcmcvMjAwMC9zdmciPjwvc3ZnPg==\" style=\"--smush-placeholder-width: 900px; --smush-placeholder-aspect-ratio: 900\/506;\" \/><\/figure><\/a><\/div><div class=\"swiper-slide\" role=\"group\" aria-roledescription=\"slide\" aria-label=\"13 de 36\"><a data-elementor-open-lightbox=\"yes\" data-elementor-lightbox-slideshow=\"7f65daf\" data-elementor-lightbox-title=\"1000X650_SO-SanPedroManrique-Mondidas-264-BenitoArnaiz copia\" data-e-action-hash=\"#elementor-action%3Aaction%3Dlightbox%26settings%3DeyJpZCI6NjYyLCJ1cmwiOiJodHRwczpcL1wvd3d3LnRpZXJyYXZvei5jb21cL3BhdHJpbW9uaW9jdWx0dXJhbGN5bFwvd3AtY29udGVudFwvdXBsb2Fkc1wvMTAwMFg2NTBfU08tU2FuUGVkcm9NYW5yaXF1ZS1Nb25kaWRhcy0yNjQtQmVuaXRvQXJuYWl6LWNvcGlhLmpwZyIsInNsaWRlc2hvdyI6IjdmNjVkYWYifQ%3D%3D\" href=\"https:\/\/www.tierravoz.com\/patrimonioculturalcyl\/wp-content\/uploads\/1000X650_SO-SanPedroManrique-Mondidas-264-BenitoArnaiz-copia.jpg\"><figure class=\"swiper-slide-inner\"><img decoding=\"async\" class=\"swiper-slide-image lazyload\" data-src=\"https:\/\/www.tierravoz.com\/patrimonioculturalcyl\/wp-content\/uploads\/elementor\/thumbs\/1000X650_SO-SanPedroManrique-Mondidas-264-BenitoArnaiz-copia-pwcbqf5aeccs3ew8higcxpuwwyb03y3wogzljj6qx0.jpg\" alt=\"San Pedro Manrique\" src=\"data:image\/svg+xml;base64,PHN2ZyB3aWR0aD0iMSIgaGVpZ2h0PSIxIiB4bWxucz0iaHR0cDovL3d3dy53My5vcmcvMjAwMC9zdmciPjwvc3ZnPg==\" style=\"--smush-placeholder-width: 900px; --smush-placeholder-aspect-ratio: 900\/506;\" \/><\/figure><\/a><\/div><div class=\"swiper-slide\" role=\"group\" aria-roledescription=\"slide\" aria-label=\"14 de 36\"><a data-elementor-open-lightbox=\"yes\" data-elementor-lightbox-slideshow=\"7f65daf\" data-elementor-lightbox-title=\"1000x650_ZA_Toro_ColegiataSantaMariaLaMayor_portadadeLaMajestad_fotoBenitoArnaiz_201211170 copia\" data-e-action-hash=\"#elementor-action%3Aaction%3Dlightbox%26settings%3DeyJpZCI6NjU4LCJ1cmwiOiJodHRwczpcL1wvd3d3LnRpZXJyYXZvei5jb21cL3BhdHJpbW9uaW9jdWx0dXJhbGN5bFwvd3AtY29udGVudFwvdXBsb2Fkc1wvMTAwMHg2NTBfWkFfVG9yb19Db2xlZ2lhdGFTYW50YU1hcmlhTGFNYXlvcl9wb3J0YWRhZGVMYU1hamVzdGFkX2ZvdG9CZW5pdG9Bcm5haXpfMjAxMjExMTcwLWNvcGlhLmpwZyIsInNsaWRlc2hvdyI6IjdmNjVkYWYifQ%3D%3D\" href=\"https:\/\/www.tierravoz.com\/patrimonioculturalcyl\/wp-content\/uploads\/1000x650_ZA_Toro_ColegiataSantaMariaLaMayor_portadadeLaMajestad_fotoBenitoArnaiz_201211170-copia.jpg\"><figure class=\"swiper-slide-inner\"><img decoding=\"async\" class=\"swiper-slide-image lazyload\" data-src=\"https:\/\/www.tierravoz.com\/patrimonioculturalcyl\/wp-content\/uploads\/elementor\/thumbs\/1000x650_ZA_Toro_ColegiataSantaMariaLaMayor_portadadeLaMajestad_fotoBenitoArnaiz_201211170-copia-pwcbohl8clpk89p9rodyt7esyftuacfrqwpo121vpg.jpg\" alt=\"Portada Toro\" src=\"data:image\/svg+xml;base64,PHN2ZyB3aWR0aD0iMSIgaGVpZ2h0PSIxIiB4bWxucz0iaHR0cDovL3d3dy53My5vcmcvMjAwMC9zdmciPjwvc3ZnPg==\" style=\"--smush-placeholder-width: 900px; --smush-placeholder-aspect-ratio: 900\/506;\" \/><\/figure><\/a><\/div><div class=\"swiper-slide\" role=\"group\" aria-roledescription=\"slide\" aria-label=\"15 de 36\"><a data-elementor-open-lightbox=\"yes\" data-elementor-lightbox-slideshow=\"7f65daf\" data-elementor-lightbox-title=\"BU_SierradeAtapuerca_TrincheraDolina_BenitoArnaiz_1M6R18680 copia\" data-e-action-hash=\"#elementor-action%3Aaction%3Dlightbox%26settings%3DeyJpZCI6NjIzLCJ1cmwiOiJodHRwczpcL1wvd3d3LnRpZXJyYXZvei5jb21cL3BhdHJpbW9uaW9jdWx0dXJhbGN5bFwvd3AtY29udGVudFwvdXBsb2Fkc1wvQlVfU2llcnJhZGVBdGFwdWVyY2FfVHJpbmNoZXJhRG9saW5hX0Jlbml0b0FybmFpel8xTTZSMTg2ODAtY29waWEuanBnIiwic2xpZGVzaG93IjoiN2Y2NWRhZiJ9\" href=\"https:\/\/www.tierravoz.com\/patrimonioculturalcyl\/wp-content\/uploads\/BU_SierradeAtapuerca_TrincheraDolina_BenitoArnaiz_1M6R18680-copia.jpg\"><figure class=\"swiper-slide-inner\"><img decoding=\"async\" class=\"swiper-slide-image lazyload\" data-src=\"https:\/\/www.tierravoz.com\/patrimonioculturalcyl\/wp-content\/uploads\/elementor\/thumbs\/BU_SierradeAtapuerca_TrincheraDolina_BenitoArnaiz_1M6R18680-copia-pwcb44f49ttwofa8ovgyscf9lw7jifl4y3uxp88yis.jpg\" alt=\"BU_SierradeAtapuerca_TrincheraDolina_BenitoArnaiz_1M6R18680 copia\" src=\"data:image\/svg+xml;base64,PHN2ZyB3aWR0aD0iMSIgaGVpZ2h0PSIxIiB4bWxucz0iaHR0cDovL3d3dy53My5vcmcvMjAwMC9zdmciPjwvc3ZnPg==\" style=\"--smush-placeholder-width: 900px; --smush-placeholder-aspect-ratio: 900\/506;\" \/><\/figure><\/a><\/div><div class=\"swiper-slide\" role=\"group\" aria-roledescription=\"slide\" aria-label=\"16 de 36\"><a data-elementor-open-lightbox=\"yes\" data-elementor-lightbox-slideshow=\"7f65daf\" data-elementor-lightbox-title=\"SA_SiegaVerde_Panel8920 copia\" data-e-action-hash=\"#elementor-action%3Aaction%3Dlightbox%26settings%3DeyJpZCI6NTgxLCJ1cmwiOiJodHRwczpcL1wvd3d3LnRpZXJyYXZvei5jb21cL3BhdHJpbW9uaW9jdWx0dXJhbGN5bFwvd3AtY29udGVudFwvdXBsb2Fkc1wvU0FfU2llZ2FWZXJkZV9QYW5lbDg5MjAtY29waWEuanBnIiwic2xpZGVzaG93IjoiN2Y2NWRhZiJ9\" href=\"https:\/\/www.tierravoz.com\/patrimonioculturalcyl\/wp-content\/uploads\/SA_SiegaVerde_Panel8920-copia.jpg\"><figure class=\"swiper-slide-inner\"><img decoding=\"async\" class=\"swiper-slide-image lazyload\" data-src=\"https:\/\/www.tierravoz.com\/patrimonioculturalcyl\/wp-content\/uploads\/elementor\/thumbs\/SA_SiegaVerde_Panel8920-copia-pwcaavnvndsrh5rfg8et7q30accg1fhrld747blw3o.jpg\" alt=\"SA_SiegaVerde_Panel8920 copia\" src=\"data:image\/svg+xml;base64,PHN2ZyB3aWR0aD0iMSIgaGVpZ2h0PSIxIiB4bWxucz0iaHR0cDovL3d3dy53My5vcmcvMjAwMC9zdmciPjwvc3ZnPg==\" style=\"--smush-placeholder-width: 900px; --smush-placeholder-aspect-ratio: 900\/506;\" \/><\/figure><\/a><\/div><div class=\"swiper-slide\" role=\"group\" aria-roledescription=\"slide\" aria-label=\"17 de 36\"><a data-elementor-open-lightbox=\"yes\" data-elementor-lightbox-slideshow=\"7f65daf\" data-elementor-lightbox-title=\"32 1.tif\" data-e-action-hash=\"#elementor-action%3Aaction%3Dlightbox%26settings%3DeyJpZCI6NTc3LCJ1cmwiOiJodHRwczpcL1wvd3d3LnRpZXJyYXZvei5jb21cL3BhdHJpbW9uaW9jdWx0dXJhbGN5bFwvd3AtY29udGVudFwvdXBsb2Fkc1wvU0dfTmF2YWZyaV9NYXJ0aW5lbnRlX2ZvdG9KdWFuSm9zZVBhY3VhbF8wMDYwLWNvcGlhLmpwZyIsInNsaWRlc2hvdyI6IjdmNjVkYWYifQ%3D%3D\" href=\"https:\/\/www.tierravoz.com\/patrimonioculturalcyl\/wp-content\/uploads\/SG_Navafri_Martinente_fotoJuanJosePacual_0060-copia.jpg\"><figure class=\"swiper-slide-inner\"><img decoding=\"async\" class=\"swiper-slide-image lazyload\" data-src=\"https:\/\/www.tierravoz.com\/patrimonioculturalcyl\/wp-content\/uploads\/elementor\/thumbs\/SG_Navafri_Martinente_fotoJuanJosePacual_0060-copia-pwca8dfdfad8ilei35emkcur9cp7ihjj8yki4rbop0.jpg\" alt=\"32 1.tif\" src=\"data:image\/svg+xml;base64,PHN2ZyB3aWR0aD0iMSIgaGVpZ2h0PSIxIiB4bWxucz0iaHR0cDovL3d3dy53My5vcmcvMjAwMC9zdmciPjwvc3ZnPg==\" style=\"--smush-placeholder-width: 900px; --smush-placeholder-aspect-ratio: 900\/506;\" \/><\/figure><\/a><\/div><div class=\"swiper-slide\" role=\"group\" aria-roledescription=\"slide\" aria-label=\"18 de 36\"><a data-elementor-open-lightbox=\"yes\" data-elementor-lightbox-slideshow=\"7f65daf\" data-elementor-lightbox-title=\"CastillayLeon_Zamora_MonasteriocisterciensedeMoreruela_exteriorcabecera_JuntadeCastillayLeon0 copia\" data-e-action-hash=\"#elementor-action%3Aaction%3Dlightbox%26settings%3DeyJpZCI6NjE5LCJ1cmwiOiJodHRwczpcL1wvd3d3LnRpZXJyYXZvei5jb21cL3BhdHJpbW9uaW9jdWx0dXJhbGN5bFwvd3AtY29udGVudFwvdXBsb2Fkc1wvQ2FzdGlsbGF5TGVvbl9aYW1vcmFfTW9uYXN0ZXJpb2Npc3RlcmNpZW5zZWRlTW9yZXJ1ZWxhX2V4dGVyaW9yY2FiZWNlcmFfSnVudGFkZUNhc3RpbGxheUxlb24wLWNvcGlhLmpwZyIsInNsaWRlc2hvdyI6IjdmNjVkYWYifQ%3D%3D\" href=\"https:\/\/www.tierravoz.com\/patrimonioculturalcyl\/wp-content\/uploads\/CastillayLeon_Zamora_MonasteriocisterciensedeMoreruela_exteriorcabecera_JuntadeCastillayLeon0-copia.jpg\"><figure class=\"swiper-slide-inner\"><img decoding=\"async\" class=\"swiper-slide-image lazyload\" data-src=\"https:\/\/www.tierravoz.com\/patrimonioculturalcyl\/wp-content\/uploads\/elementor\/thumbs\/CastillayLeon_Zamora_MonasteriocisterciensedeMoreruela_exteriorcabecera_JuntadeCastillayLeon0-copia-pwcb2edrqrgze5scr4nl7s2uegpbeequpksw0ysxxg.jpg\" alt=\"CastillayLeon_Zamora_MonasteriocisterciensedeMoreruela_exteriorcabecera_JuntadeCastillayLeon0 copia\" src=\"data:image\/svg+xml;base64,PHN2ZyB3aWR0aD0iMSIgaGVpZ2h0PSIxIiB4bWxucz0iaHR0cDovL3d3dy53My5vcmcvMjAwMC9zdmciPjwvc3ZnPg==\" style=\"--smush-placeholder-width: 900px; --smush-placeholder-aspect-ratio: 900\/506;\" \/><\/figure><\/a><\/div><div class=\"swiper-slide\" role=\"group\" aria-roledescription=\"slide\" aria-label=\"19 de 36\"><a data-elementor-open-lightbox=\"yes\" data-elementor-lightbox-slideshow=\"7f65daf\" data-elementor-lightbox-title=\"LE_Catedral_fotoBenitoArnaiz_201402150 copia\" data-e-action-hash=\"#elementor-action%3Aaction%3Dlightbox%26settings%3DeyJpZCI6NjcwLCJ1cmwiOiJodHRwczpcL1wvd3d3LnRpZXJyYXZvei5jb21cL3BhdHJpbW9uaW9jdWx0dXJhbGN5bFwvd3AtY29udGVudFwvdXBsb2Fkc1wvTEVfQ2F0ZWRyYWxfZm90b0Jlbml0b0FybmFpel8yMDE0MDIxNTAtY29waWEuanBnIiwic2xpZGVzaG93IjoiN2Y2NWRhZiJ9\" href=\"https:\/\/www.tierravoz.com\/patrimonioculturalcyl\/wp-content\/uploads\/LE_Catedral_fotoBenitoArnaiz_201402150-copia.jpg\"><figure class=\"swiper-slide-inner\"><img decoding=\"async\" class=\"swiper-slide-image lazyload\" data-src=\"https:\/\/www.tierravoz.com\/patrimonioculturalcyl\/wp-content\/uploads\/elementor\/thumbs\/LE_Catedral_fotoBenitoArnaiz_201402150-copia-pwcbub78onoi5b8srozrr8ilfd4oyujwvq6y1rf35w.jpg\" alt=\"Catedral\" src=\"data:image\/svg+xml;base64,PHN2ZyB3aWR0aD0iMSIgaGVpZ2h0PSIxIiB4bWxucz0iaHR0cDovL3d3dy53My5vcmcvMjAwMC9zdmciPjwvc3ZnPg==\" style=\"--smush-placeholder-width: 900px; --smush-placeholder-aspect-ratio: 900\/506;\" \/><\/figure><\/a><\/div><div class=\"swiper-slide\" role=\"group\" aria-roledescription=\"slide\" aria-label=\"20 de 36\"><a data-elementor-open-lightbox=\"yes\" data-elementor-lightbox-slideshow=\"7f65daf\" data-elementor-lightbox-title=\"1000x650-ZA_Zamora_ciudadyrioDuero_fotoBenitoArnaiz copia\" data-e-action-hash=\"#elementor-action%3Aaction%3Dlightbox%26settings%3DeyJpZCI6NjQ3LCJ1cmwiOiJodHRwczpcL1wvd3d3LnRpZXJyYXZvei5jb21cL3BhdHJpbW9uaW9jdWx0dXJhbGN5bFwvd3AtY29udGVudFwvdXBsb2Fkc1wvMTAwMHg2NTAtWkFfWmFtb3JhX2NpdWRhZHlyaW9EdWVyb19mb3RvQmVuaXRvQXJuYWl6LWNvcGlhLmpwZyIsInNsaWRlc2hvdyI6IjdmNjVkYWYifQ%3D%3D\" href=\"https:\/\/www.tierravoz.com\/patrimonioculturalcyl\/wp-content\/uploads\/1000x650-ZA_Zamora_ciudadyrioDuero_fotoBenitoArnaiz-copia.jpg\"><figure class=\"swiper-slide-inner\"><img decoding=\"async\" class=\"swiper-slide-image lazyload\" data-src=\"https:\/\/www.tierravoz.com\/patrimonioculturalcyl\/wp-content\/uploads\/elementor\/thumbs\/1000x650-ZA_Zamora_ciudadyrioDuero_fotoBenitoArnaiz-copia-pwcbj5u5mef2ftfsvdi2ojsrru2yo3aj0jmm4ly6ys.jpg\" alt=\"R\u00edo Duero Zamora\" src=\"data:image\/svg+xml;base64,PHN2ZyB3aWR0aD0iMSIgaGVpZ2h0PSIxIiB4bWxucz0iaHR0cDovL3d3dy53My5vcmcvMjAwMC9zdmciPjwvc3ZnPg==\" style=\"--smush-placeholder-width: 900px; --smush-placeholder-aspect-ratio: 900\/506;\" \/><\/figure><\/a><\/div><div class=\"swiper-slide\" role=\"group\" aria-roledescription=\"slide\" aria-label=\"21 de 36\"><a data-elementor-open-lightbox=\"yes\" data-elementor-lightbox-slideshow=\"7f65daf\" data-elementor-lightbox-title=\"Avila_CiudadantiguadeAvilaysusiglesiasextramuros copia\" data-e-action-hash=\"#elementor-action%3Aaction%3Dlightbox%26settings%3DeyJpZCI6NjM2LCJ1cmwiOiJodHRwczpcL1wvd3d3LnRpZXJyYXZvei5jb21cL3BhdHJpbW9uaW9jdWx0dXJhbGN5bFwvd3AtY29udGVudFwvdXBsb2Fkc1wvQXZpbGFfQ2l1ZGFkYW50aWd1YWRlQXZpbGF5c3VzaWdsZXNpYXNleHRyYW11cm9zLWNvcGlhLmpwZyIsInNsaWRlc2hvdyI6IjdmNjVkYWYifQ%3D%3D\" href=\"https:\/\/www.tierravoz.com\/patrimonioculturalcyl\/wp-content\/uploads\/Avila_CiudadantiguadeAvilaysusiglesiasextramuros-copia.jpg\"><figure class=\"swiper-slide-inner\"><img decoding=\"async\" class=\"swiper-slide-image lazyload\" data-src=\"https:\/\/www.tierravoz.com\/patrimonioculturalcyl\/wp-content\/uploads\/elementor\/thumbs\/Avila_CiudadantiguadeAvilaysusiglesiasextramuros-copia-pwcbeq1lckcbm3vwsgfhwo4esbykbjo5qkq2jkj4ck.jpg\" alt=\"Muralla de \u00c1vila\" src=\"data:image\/svg+xml;base64,PHN2ZyB3aWR0aD0iMSIgaGVpZ2h0PSIxIiB4bWxucz0iaHR0cDovL3d3dy53My5vcmcvMjAwMC9zdmciPjwvc3ZnPg==\" style=\"--smush-placeholder-width: 900px; --smush-placeholder-aspect-ratio: 900\/506;\" \/><\/figure><\/a><\/div><div class=\"swiper-slide\" role=\"group\" aria-roledescription=\"slide\" aria-label=\"22 de 36\"><a data-elementor-open-lightbox=\"yes\" data-elementor-lightbox-slideshow=\"7f65daf\" data-elementor-lightbox-title=\"LE_Leon_Catedral_fotoBenitoArnaiz_20140818_1240 copia\" data-e-action-hash=\"#elementor-action%3Aaction%3Dlightbox%26settings%3DeyJpZCI6NjAwLCJ1cmwiOiJodHRwczpcL1wvd3d3LnRpZXJyYXZvei5jb21cL3BhdHJpbW9uaW9jdWx0dXJhbGN5bFwvd3AtY29udGVudFwvdXBsb2Fkc1wvTEVfTGVvbl9DYXRlZHJhbF9mb3RvQmVuaXRvQXJuYWl6XzIwMTQwODE4XzEyNDAtY29waWEuanBnIiwic2xpZGVzaG93IjoiN2Y2NWRhZiJ9\" href=\"https:\/\/www.tierravoz.com\/patrimonioculturalcyl\/wp-content\/uploads\/LE_Leon_Catedral_fotoBenitoArnaiz_20140818_1240-copia.jpg\"><figure class=\"swiper-slide-inner\"><img decoding=\"async\" class=\"swiper-slide-image lazyload\" data-src=\"https:\/\/www.tierravoz.com\/patrimonioculturalcyl\/wp-content\/uploads\/elementor\/thumbs\/LE_Leon_Catedral_fotoBenitoArnaiz_20140818_1240-copia-pwcaskygd2164s1q2vvv699j1l3b07rs0zibkxcyx0.jpg\" alt=\"LE_Leon_Catedral_fotoBenitoArnaiz_20140818_1240 copia\" src=\"data:image\/svg+xml;base64,PHN2ZyB3aWR0aD0iMSIgaGVpZ2h0PSIxIiB4bWxucz0iaHR0cDovL3d3dy53My5vcmcvMjAwMC9zdmciPjwvc3ZnPg==\" style=\"--smush-placeholder-width: 900px; --smush-placeholder-aspect-ratio: 900\/506;\" \/><\/figure><\/a><\/div><div class=\"swiper-slide\" role=\"group\" aria-roledescription=\"slide\" aria-label=\"23 de 36\"><a data-elementor-open-lightbox=\"yes\" data-elementor-lightbox-slideshow=\"7f65daf\" data-elementor-lightbox-title=\"BU_LasMachorras_FiestaNtaSradelasNieves_fotoBenitoArnaiz_1M6R25270 copia\" data-e-action-hash=\"#elementor-action%3Aaction%3Dlightbox%26settings%3DeyJpZCI6Njc0LCJ1cmwiOiJodHRwczpcL1wvd3d3LnRpZXJyYXZvei5jb21cL3BhdHJpbW9uaW9jdWx0dXJhbGN5bFwvd3AtY29udGVudFwvdXBsb2Fkc1wvQlVfTGFzTWFjaG9ycmFzX0ZpZXN0YU50YVNyYWRlbGFzTmlldmVzX2ZvdG9CZW5pdG9Bcm5haXpfMU02UjI1MjcwLWNvcGlhLmpwZyIsInNsaWRlc2hvdyI6IjdmNjVkYWYifQ%3D%3D\" href=\"https:\/\/www.tierravoz.com\/patrimonioculturalcyl\/wp-content\/uploads\/BU_LasMachorras_FiestaNtaSradelasNieves_fotoBenitoArnaiz_1M6R25270-copia.jpg\"><figure class=\"swiper-slide-inner\"><img decoding=\"async\" class=\"swiper-slide-image lazyload\" data-src=\"https:\/\/www.tierravoz.com\/patrimonioculturalcyl\/wp-content\/uploads\/elementor\/thumbs\/BU_LasMachorras_FiestaNtaSradelasNieves_fotoBenitoArnaiz_1M6R25270-copia-pwcbycw83z7y4vd64xyxzpr1i36l3xmb3rb7fnf2dg.jpg\" alt=\"Nuestra Se\u00f1ora de las Nieves\" src=\"data:image\/svg+xml;base64,PHN2ZyB3aWR0aD0iMSIgaGVpZ2h0PSIxIiB4bWxucz0iaHR0cDovL3d3dy53My5vcmcvMjAwMC9zdmciPjwvc3ZnPg==\" style=\"--smush-placeholder-width: 900px; --smush-placeholder-aspect-ratio: 900\/506;\" \/><\/figure><\/a><\/div><div class=\"swiper-slide\" role=\"group\" aria-roledescription=\"slide\" aria-label=\"24 de 36\"><a data-elementor-open-lightbox=\"yes\" data-elementor-lightbox-slideshow=\"7f65daf\" data-elementor-lightbox-title=\"BU_Castrojeriz_conjuntohistoricoyrutadelCaminodeSantiago_fotoBenitoArnaiz_201101200 copia\" data-e-action-hash=\"#elementor-action%3Aaction%3Dlightbox%26settings%3DeyJpZCI6NjMxLCJ1cmwiOiJodHRwczpcL1wvd3d3LnRpZXJyYXZvei5jb21cL3BhdHJpbW9uaW9jdWx0dXJhbGN5bFwvd3AtY29udGVudFwvdXBsb2Fkc1wvQlVfQ2FzdHJvamVyaXpfY29uanVudG9oaXN0b3JpY295cnV0YWRlbENhbWlub2RlU2FudGlhZ29fZm90b0Jlbml0b0FybmFpel8yMDExMDEyMDAtY29waWEuanBnIiwic2xpZGVzaG93IjoiN2Y2NWRhZiJ9\" href=\"https:\/\/www.tierravoz.com\/patrimonioculturalcyl\/wp-content\/uploads\/BU_Castrojeriz_conjuntohistoricoyrutadelCaminodeSantiago_fotoBenitoArnaiz_201101200-copia.jpg\"><figure class=\"swiper-slide-inner\"><img decoding=\"async\" class=\"swiper-slide-image lazyload\" data-src=\"https:\/\/www.tierravoz.com\/patrimonioculturalcyl\/wp-content\/uploads\/elementor\/thumbs\/BU_Castrojeriz_conjuntohistoricoyrutadelCaminodeSantiago_fotoBenitoArnaiz_201101200-copia-pwcbc8qxbay2z5hm9vtxtsnmcq6p0atnqaqxya7iro.jpg\" alt=\"BU_Castrojeriz_conjuntohistoricoyrutadelCaminodeSantiago_fotoBenitoArnaiz_201101200 copia\" src=\"data:image\/svg+xml;base64,PHN2ZyB3aWR0aD0iMSIgaGVpZ2h0PSIxIiB4bWxucz0iaHR0cDovL3d3dy53My5vcmcvMjAwMC9zdmciPjwvc3ZnPg==\" style=\"--smush-placeholder-width: 900px; --smush-placeholder-aspect-ratio: 900\/506;\" \/><\/figure><\/a><\/div><div class=\"swiper-slide\" role=\"group\" aria-roledescription=\"slide\" aria-label=\"25 de 36\"><a data-elementor-open-lightbox=\"yes\" data-elementor-lightbox-slideshow=\"7f65daf\" data-elementor-lightbox-title=\"CanaldeCastilla-Fromista-Esclusas170 copia\" data-e-action-hash=\"#elementor-action%3Aaction%3Dlightbox%26settings%3DeyJpZCI6Njc4LCJ1cmwiOiJodHRwczpcL1wvd3d3LnRpZXJyYXZvei5jb21cL3BhdHJpbW9uaW9jdWx0dXJhbGN5bFwvd3AtY29udGVudFwvdXBsb2Fkc1wvQ2FuYWxkZUNhc3RpbGxhLUZyb21pc3RhLUVzY2x1c2FzMTcwLWNvcGlhLmpwZyIsInNsaWRlc2hvdyI6IjdmNjVkYWYifQ%3D%3D\" href=\"https:\/\/www.tierravoz.com\/patrimonioculturalcyl\/wp-content\/uploads\/CanaldeCastilla-Fromista-Esclusas170-copia.jpg\"><figure class=\"swiper-slide-inner\"><img decoding=\"async\" class=\"swiper-slide-image lazyload\" data-src=\"https:\/\/www.tierravoz.com\/patrimonioculturalcyl\/wp-content\/uploads\/elementor\/thumbs\/CanaldeCastilla-Fromista-Esclusas170-copia-pwcc0lqcfqalvc3r0wwuy5col845hwj82veypg37ic.jpg\" alt=\"CanaldeCastilla-Fromista-Esclusas170 copia\" src=\"data:image\/svg+xml;base64,PHN2ZyB3aWR0aD0iMSIgaGVpZ2h0PSIxIiB4bWxucz0iaHR0cDovL3d3dy53My5vcmcvMjAwMC9zdmciPjwvc3ZnPg==\" style=\"--smush-placeholder-width: 900px; --smush-placeholder-aspect-ratio: 900\/506;\" \/><\/figure><\/a><\/div><div class=\"swiper-slide\" role=\"group\" aria-roledescription=\"slide\" aria-label=\"26 de 36\"><a data-elementor-open-lightbox=\"yes\" data-elementor-lightbox-slideshow=\"7f65daf\" data-elementor-lightbox-title=\"IMG_39350 copia\" data-e-action-hash=\"#elementor-action%3Aaction%3Dlightbox%26settings%3DeyJpZCI6NjExLCJ1cmwiOiJodHRwczpcL1wvd3d3LnRpZXJyYXZvei5jb21cL3BhdHJpbW9uaW9jdWx0dXJhbGN5bFwvd3AtY29udGVudFwvdXBsb2Fkc1wvSU1HXzM5MzUwLWNvcGlhLmpwZyIsInNsaWRlc2hvdyI6IjdmNjVkYWYifQ%3D%3D\" href=\"https:\/\/www.tierravoz.com\/patrimonioculturalcyl\/wp-content\/uploads\/IMG_39350-copia.jpg\"><figure class=\"swiper-slide-inner\"><img decoding=\"async\" class=\"swiper-slide-image lazyload\" data-src=\"https:\/\/www.tierravoz.com\/patrimonioculturalcyl\/wp-content\/uploads\/elementor\/thumbs\/IMG_39350-copia-pwcay3aef3ko6i1mwrm5ad7sdvxr4cn5495rub6wg4.jpg\" alt=\"IMG_39350 copia\" src=\"data:image\/svg+xml;base64,PHN2ZyB3aWR0aD0iMSIgaGVpZ2h0PSIxIiB4bWxucz0iaHR0cDovL3d3dy53My5vcmcvMjAwMC9zdmciPjwvc3ZnPg==\" style=\"--smush-placeholder-width: 900px; --smush-placeholder-aspect-ratio: 900\/506;\" \/><\/figure><\/a><\/div><div class=\"swiper-slide\" role=\"group\" aria-roledescription=\"slide\" aria-label=\"27 de 36\"><a data-elementor-open-lightbox=\"yes\" data-elementor-lightbox-slideshow=\"7f65daf\" data-elementor-lightbox-title=\"BU_OrbanejadelCastillo_BenitoArnaiz_200911070 copia\" data-e-action-hash=\"#elementor-action%3Aaction%3Dlightbox%26settings%3DeyJpZCI6NjI3LCJ1cmwiOiJodHRwczpcL1wvd3d3LnRpZXJyYXZvei5jb21cL3BhdHJpbW9uaW9jdWx0dXJhbGN5bFwvd3AtY29udGVudFwvdXBsb2Fkc1wvQlVfT3JiYW5lamFkZWxDYXN0aWxsb19CZW5pdG9Bcm5haXpfMjAwOTExMDcwLWNvcGlhLmpwZyIsInNsaWRlc2hvdyI6IjdmNjVkYWYifQ%3D%3D\" href=\"https:\/\/www.tierravoz.com\/patrimonioculturalcyl\/wp-content\/uploads\/BU_OrbanejadelCastillo_BenitoArnaiz_200911070-copia.jpg\"><figure class=\"swiper-slide-inner\"><img decoding=\"async\" class=\"swiper-slide-image lazyload\" data-src=\"https:\/\/www.tierravoz.com\/patrimonioculturalcyl\/wp-content\/uploads\/elementor\/thumbs\/BU_OrbanejadelCastillo_BenitoArnaiz_200911070-copia-pwcb611c4qfu7yikk74qcd3wz0tc4c5jjjhdqff7wk.jpg\" alt=\"BU_OrbanejadelCastillo_BenitoArnaiz_200911070 copia\" src=\"data:image\/svg+xml;base64,PHN2ZyB3aWR0aD0iMSIgaGVpZ2h0PSIxIiB4bWxucz0iaHR0cDovL3d3dy53My5vcmcvMjAwMC9zdmciPjwvc3ZnPg==\" style=\"--smush-placeholder-width: 900px; --smush-placeholder-aspect-ratio: 900\/506;\" \/><\/figure><\/a><\/div><div class=\"swiper-slide\" role=\"group\" aria-roledescription=\"slide\" aria-label=\"28 de 36\"><a data-elementor-open-lightbox=\"yes\" data-elementor-lightbox-slideshow=\"7f65daf\" data-elementor-lightbox-title=\"OLYMPUS DIGITAL CAMERA\" data-e-action-hash=\"#elementor-action%3Aaction%3Dlightbox%26settings%3DeyJpZCI6NjE1LCJ1cmwiOiJodHRwczpcL1wvd3d3LnRpZXJyYXZvei5jb21cL3BhdHJpbW9uaW9jdWx0dXJhbGN5bFwvd3AtY29udGVudFwvdXBsb2Fkc1wvQ3JvbmljYWRlbG11bmRvQnVyZ29zMC1jb3BpYS5qcGciLCJzbGlkZXNob3ciOiI3ZjY1ZGFmIn0%3D\" href=\"https:\/\/www.tierravoz.com\/patrimonioculturalcyl\/wp-content\/uploads\/CronicadelmundoBurgos0-copia.jpg\"><figure class=\"swiper-slide-inner\"><img decoding=\"async\" class=\"swiper-slide-image lazyload\" data-src=\"https:\/\/www.tierravoz.com\/patrimonioculturalcyl\/wp-content\/uploads\/elementor\/thumbs\/CronicadelmundoBurgos0-copia-pwcb0a8ud6kr9quy3pqt3taia94l2xclf3yk5jxtxg.jpg\" alt=\"Cr\u00f3nica del mundo Burgos\" src=\"data:image\/svg+xml;base64,PHN2ZyB3aWR0aD0iMSIgaGVpZ2h0PSIxIiB4bWxucz0iaHR0cDovL3d3dy53My5vcmcvMjAwMC9zdmciPjwvc3ZnPg==\" style=\"--smush-placeholder-width: 900px; --smush-placeholder-aspect-ratio: 900\/506;\" \/><\/figure><\/a><\/div><div class=\"swiper-slide\" role=\"group\" aria-roledescription=\"slide\" aria-label=\"29 de 36\"><a data-elementor-open-lightbox=\"yes\" data-elementor-lightbox-slideshow=\"7f65daf\" data-elementor-lightbox-title=\"LE_LasMedulas_fotoBenitoArnaiz_200903210 copia\" data-e-action-hash=\"#elementor-action%3Aaction%3Dlightbox%26settings%3DeyJpZCI6NjA0LCJ1cmwiOiJodHRwczpcL1wvd3d3LnRpZXJyYXZvei5jb21cL3BhdHJpbW9uaW9jdWx0dXJhbGN5bFwvd3AtY29udGVudFwvdXBsb2Fkc1wvTEVfTGFzTWVkdWxhc19mb3RvQmVuaXRvQXJuYWl6XzIwMDkwMzIxMC1jb3BpYS5qcGciLCJzbGlkZXNob3ciOiI3ZjY1ZGFmIn0%3D\" href=\"https:\/\/www.tierravoz.com\/patrimonioculturalcyl\/wp-content\/uploads\/LE_LasMedulas_fotoBenitoArnaiz_200903210-copia.jpg\"><figure class=\"swiper-slide-inner\"><img decoding=\"async\" class=\"swiper-slide-image lazyload\" data-src=\"https:\/\/www.tierravoz.com\/patrimonioculturalcyl\/wp-content\/uploads\/elementor\/thumbs\/LE_LasMedulas_fotoBenitoArnaiz_200903210-copia-pwcaudtbgmhydvfik5x4gawc167mrbx99witp0oszo.jpg\" alt=\"LE_LasMedulas_fotoBenitoArnaiz_200903210 copia\" src=\"data:image\/svg+xml;base64,PHN2ZyB3aWR0aD0iMSIgaGVpZ2h0PSIxIiB4bWxucz0iaHR0cDovL3d3dy53My5vcmcvMjAwMC9zdmciPjwvc3ZnPg==\" style=\"--smush-placeholder-width: 900px; --smush-placeholder-aspect-ratio: 900\/506;\" \/><\/figure><\/a><\/div><div class=\"swiper-slide\" role=\"group\" aria-roledescription=\"slide\" aria-label=\"30 de 36\"><a data-elementor-open-lightbox=\"yes\" data-elementor-lightbox-slideshow=\"7f65daf\" data-elementor-lightbox-title=\"LE-Sabero-Herrera-I-castilleteyanejos-f0020 copia\" data-e-action-hash=\"#elementor-action%3Aaction%3Dlightbox%26settings%3DeyJpZCI6NTkxLCJ1cmwiOiJodHRwczpcL1wvd3d3LnRpZXJyYXZvei5jb21cL3BhdHJpbW9uaW9jdWx0dXJhbGN5bFwvd3AtY29udGVudFwvdXBsb2Fkc1wvTEUtU2FiZXJvLUhlcnJlcmEtSS1jYXN0aWxsZXRleWFuZWpvcy1mMDAyMC1jb3BpYS5qcGciLCJzbGlkZXNob3ciOiI3ZjY1ZGFmIn0%3D\" href=\"https:\/\/www.tierravoz.com\/patrimonioculturalcyl\/wp-content\/uploads\/LE-Sabero-Herrera-I-castilleteyanejos-f0020-copia.jpg\"><figure class=\"swiper-slide-inner\"><img decoding=\"async\" class=\"swiper-slide-image lazyload\" data-src=\"https:\/\/www.tierravoz.com\/patrimonioculturalcyl\/wp-content\/uploads\/elementor\/thumbs\/LE-Sabero-Herrera-I-castilleteyanejos-f0020-copia-pwcajhumapldwh8v4yhp2jt4bhvkljp6s0hckmtz2c.jpg\" alt=\"LE-Sabero-Herrera-I-castilleteyanejos-f0020 copia\" src=\"data:image\/svg+xml;base64,PHN2ZyB3aWR0aD0iMSIgaGVpZ2h0PSIxIiB4bWxucz0iaHR0cDovL3d3dy53My5vcmcvMjAwMC9zdmciPjwvc3ZnPg==\" style=\"--smush-placeholder-width: 900px; --smush-placeholder-aspect-ratio: 900\/506;\" \/><\/figure><\/a><\/div><div class=\"swiper-slide\" role=\"group\" aria-roledescription=\"slide\" aria-label=\"31 de 36\"><a data-elementor-open-lightbox=\"yes\" data-elementor-lightbox-slideshow=\"7f65daf\" data-elementor-lightbox-title=\"MuseodelaSiderurgiaylaMineriaddeCastillayLeon_020 copia\" data-e-action-hash=\"#elementor-action%3Aaction%3Dlightbox%26settings%3DeyJpZCI6NTg5LCJ1cmwiOiJodHRwczpcL1wvd3d3LnRpZXJyYXZvei5jb21cL3BhdHJpbW9uaW9jdWx0dXJhbGN5bFwvd3AtY29udGVudFwvdXBsb2Fkc1wvTXVzZW9kZWxhU2lkZXJ1cmdpYXlsYU1pbmVyaWFkZGVDYXN0aWxsYXlMZW9uXzAyMC1jb3BpYS5qcGciLCJzbGlkZXNob3ciOiI3ZjY1ZGFmIn0%3D\" href=\"https:\/\/www.tierravoz.com\/patrimonioculturalcyl\/wp-content\/uploads\/MuseodelaSiderurgiaylaMineriaddeCastillayLeon_020-copia.jpg\"><figure class=\"swiper-slide-inner\"><img decoding=\"async\" class=\"swiper-slide-image lazyload\" data-src=\"https:\/\/www.tierravoz.com\/patrimonioculturalcyl\/wp-content\/uploads\/elementor\/thumbs\/MuseodelaSiderurgiaylaMineriaddeCastillayLeon_020-copia-pwcagwsli41zz3018c9mppahicm8fifrf7wa28ny6c.jpg\" alt=\"MuseodelaSiderurgiaylaMineriaddeCastillayLeon_020 copia\" src=\"data:image\/svg+xml;base64,PHN2ZyB3aWR0aD0iMSIgaGVpZ2h0PSIxIiB4bWxucz0iaHR0cDovL3d3dy53My5vcmcvMjAwMC9zdmciPjwvc3ZnPg==\" style=\"--smush-placeholder-width: 900px; --smush-placeholder-aspect-ratio: 900\/506;\" \/><\/figure><\/a><\/div><div class=\"swiper-slide\" role=\"group\" aria-roledescription=\"slide\" aria-label=\"32 de 36\"><a data-elementor-open-lightbox=\"yes\" data-elementor-lightbox-slideshow=\"7f65daf\" data-elementor-lightbox-title=\"LE_ValenciadedonJuan0 copia\" data-e-action-hash=\"#elementor-action%3Aaction%3Dlightbox%26settings%3DeyJpZCI6NTk1LCJ1cmwiOiJodHRwczpcL1wvd3d3LnRpZXJyYXZvei5jb21cL3BhdHJpbW9uaW9jdWx0dXJhbGN5bFwvd3AtY29udGVudFwvdXBsb2Fkc1wvTEVfVmFsZW5jaWFkZWRvbkp1YW4wLWNvcGlhLmpwZyIsInNsaWRlc2hvdyI6IjdmNjVkYWYifQ%3D%3D\" href=\"https:\/\/www.tierravoz.com\/patrimonioculturalcyl\/wp-content\/uploads\/LE_ValenciadedonJuan0-copia.jpg\"><figure class=\"swiper-slide-inner\"><img decoding=\"async\" class=\"swiper-slide-image lazyload\" data-src=\"https:\/\/www.tierravoz.com\/patrimonioculturalcyl\/wp-content\/uploads\/elementor\/thumbs\/LE_ValenciadedonJuan0-copia-pwcar1hz5tx93saa2pwvl59bzuone2nm5d0o9ln744.jpg\" alt=\"LE_ValenciadedonJuan0 copia\" src=\"data:image\/svg+xml;base64,PHN2ZyB3aWR0aD0iMSIgaGVpZ2h0PSIxIiB4bWxucz0iaHR0cDovL3d3dy53My5vcmcvMjAwMC9zdmciPjwvc3ZnPg==\" style=\"--smush-placeholder-width: 900px; --smush-placeholder-aspect-ratio: 900\/506;\" \/><\/figure><\/a><\/div><div class=\"swiper-slide\" role=\"group\" aria-roledescription=\"slide\" aria-label=\"33 de 36\"><a data-elementor-open-lightbox=\"yes\" data-elementor-lightbox-slideshow=\"7f65daf\" data-elementor-lightbox-title=\"SA_Salamanca_PlazaMayor_fotoBenitoArnaiz_200612020 copia copia\" data-e-action-hash=\"#elementor-action%3Aaction%3Dlightbox%26settings%3DeyJpZCI6NTg1LCJ1cmwiOiJodHRwczpcL1wvd3d3LnRpZXJyYXZvei5jb21cL3BhdHJpbW9uaW9jdWx0dXJhbGN5bFwvd3AtY29udGVudFwvdXBsb2Fkc1wvU0FfU2FsYW1hbmNhX1BsYXphTWF5b3JfZm90b0Jlbml0b0FybmFpel8yMDA2MTIwMjAtY29waWEtY29waWEuanBnIiwic2xpZGVzaG93IjoiN2Y2NWRhZiJ9\" href=\"https:\/\/www.tierravoz.com\/patrimonioculturalcyl\/wp-content\/uploads\/SA_Salamanca_PlazaMayor_fotoBenitoArnaiz_200612020-copia-copia.jpg\"><figure class=\"swiper-slide-inner\"><img decoding=\"async\" class=\"swiper-slide-image lazyload\" data-src=\"https:\/\/www.tierravoz.com\/patrimonioculturalcyl\/wp-content\/uploads\/elementor\/thumbs\/SA_Salamanca_PlazaMayor_fotoBenitoArnaiz_200612020-copia-copia-pwcaeujci78chvzw9y63qq12kws8jf8yt0cx5dq1tw.jpg\" alt=\"SA_Salamanca_PlazaMayor_fotoBenitoArnaiz_200612020 copia copia\" src=\"data:image\/svg+xml;base64,PHN2ZyB3aWR0aD0iMSIgaGVpZ2h0PSIxIiB4bWxucz0iaHR0cDovL3d3dy53My5vcmcvMjAwMC9zdmciPjwvc3ZnPg==\" style=\"--smush-placeholder-width: 900px; --smush-placeholder-aspect-ratio: 900\/506;\" \/><\/figure><\/a><\/div><div class=\"swiper-slide\" role=\"group\" aria-roledescription=\"slide\" aria-label=\"34 de 36\"><a data-elementor-open-lightbox=\"yes\" data-elementor-lightbox-slideshow=\"7f65daf\" data-elementor-lightbox-title=\"SG_Sepulveda_VillaConjuntoHistorico_fotoBenitoArnaiz_201207290 copia\" data-e-action-hash=\"#elementor-action%3Aaction%3Dlightbox%26settings%3DeyJpZCI6NTczLCJ1cmwiOiJodHRwczpcL1wvd3d3LnRpZXJyYXZvei5jb21cL3BhdHJpbW9uaW9jdWx0dXJhbGN5bFwvd3AtY29udGVudFwvdXBsb2Fkc1wvU0dfU2VwdWx2ZWRhX1ZpbGxhQ29uanVudG9IaXN0b3JpY29fZm90b0Jlbml0b0FybmFpel8yMDEyMDcyOTAtY29waWEuanBnIiwic2xpZGVzaG93IjoiN2Y2NWRhZiJ9\" href=\"https:\/\/www.tierravoz.com\/patrimonioculturalcyl\/wp-content\/uploads\/SG_Sepulveda_VillaConjuntoHistorico_fotoBenitoArnaiz_201207290-copia.jpg\"><figure class=\"swiper-slide-inner\"><img decoding=\"async\" class=\"swiper-slide-image lazyload\" data-src=\"https:\/\/www.tierravoz.com\/patrimonioculturalcyl\/wp-content\/uploads\/elementor\/thumbs\/SG_Sepulveda_VillaConjuntoHistorico_fotoBenitoArnaiz_201207290-copia-pwca5rfifusk9l71c0rxn0knutki4r6dk1by5371z8.jpg\" alt=\"SG_Sepulveda_VillaConjuntoHistorico_fotoBenitoArnaiz_201207290 copia\" src=\"data:image\/svg+xml;base64,PHN2ZyB3aWR0aD0iMSIgaGVpZ2h0PSIxIiB4bWxucz0iaHR0cDovL3d3dy53My5vcmcvMjAwMC9zdmciPjwvc3ZnPg==\" style=\"--smush-placeholder-width: 900px; --smush-placeholder-aspect-ratio: 900\/506;\" \/><\/figure><\/a><\/div><div class=\"swiper-slide\" role=\"group\" aria-roledescription=\"slide\" aria-label=\"35 de 36\"><a data-elementor-open-lightbox=\"yes\" data-elementor-lightbox-slideshow=\"7f65daf\" data-elementor-lightbox-title=\"SO_Gormaz_Castillo_fotoBenitoArnaiz_200606210 copia\" data-e-action-hash=\"#elementor-action%3Aaction%3Dlightbox%26settings%3DeyJpZCI6NTY5LCJ1cmwiOiJodHRwczpcL1wvd3d3LnRpZXJyYXZvei5jb21cL3BhdHJpbW9uaW9jdWx0dXJhbGN5bFwvd3AtY29udGVudFwvdXBsb2Fkc1wvU09fR29ybWF6X0Nhc3RpbGxvX2ZvdG9CZW5pdG9Bcm5haXpfMjAwNjA2MjEwLWNvcGlhLmpwZyIsInNsaWRlc2hvdyI6IjdmNjVkYWYifQ%3D%3D\" href=\"https:\/\/www.tierravoz.com\/patrimonioculturalcyl\/wp-content\/uploads\/SO_Gormaz_Castillo_fotoBenitoArnaiz_200606210-copia.jpg\"><figure class=\"swiper-slide-inner\"><img decoding=\"async\" class=\"swiper-slide-image lazyload\" data-src=\"https:\/\/www.tierravoz.com\/patrimonioculturalcyl\/wp-content\/uploads\/elementor\/thumbs\/SO_Gormaz_Castillo_fotoBenitoArnaiz_200606210-copia-pwca3utaky6mq1ypgp462zw0hoypiulyylpi3w0slg.jpg\" alt=\"SO_Gormaz_Castillo_fotoBenitoArnaiz_200606210 copia\" src=\"data:image\/svg+xml;base64,PHN2ZyB3aWR0aD0iMSIgaGVpZ2h0PSIxIiB4bWxucz0iaHR0cDovL3d3dy53My5vcmcvMjAwMC9zdmciPjwvc3ZnPg==\" style=\"--smush-placeholder-width: 900px; --smush-placeholder-aspect-ratio: 900\/506;\" \/><\/figure><\/a><\/div><div class=\"swiper-slide\" role=\"group\" aria-roledescription=\"slide\" aria-label=\"36 de 36\"><a data-elementor-open-lightbox=\"yes\" data-elementor-lightbox-slideshow=\"7f65daf\" data-elementor-lightbox-title=\"SO_Tiermes_fotoBenitoArnaiz_20120701_0240 copia\" data-e-action-hash=\"#elementor-action%3Aaction%3Dlightbox%26settings%3DeyJpZCI6NTY1LCJ1cmwiOiJodHRwczpcL1wvd3d3LnRpZXJyYXZvei5jb21cL3BhdHJpbW9uaW9jdWx0dXJhbGN5bFwvd3AtY29udGVudFwvdXBsb2Fkc1wvU09fVGllcm1lc19mb3RvQmVuaXRvQXJuYWl6XzIwMTIwNzAxXzAyNDAtY29waWEuanBnIiwic2xpZGVzaG93IjoiN2Y2NWRhZiJ9\" href=\"https:\/\/www.tierravoz.com\/patrimonioculturalcyl\/wp-content\/uploads\/SO_Tiermes_fotoBenitoArnaiz_20120701_0240-copia.jpg\"><figure class=\"swiper-slide-inner\"><img decoding=\"async\" class=\"swiper-slide-image lazyload\" data-src=\"https:\/\/www.tierravoz.com\/patrimonioculturalcyl\/wp-content\/uploads\/elementor\/thumbs\/SO_Tiermes_fotoBenitoArnaiz_20120701_0240-copia-pwca136egie8jdzfmi1pqp15iulsuxmf8wk18k4ix0.jpg\" alt=\"SO_Tiermes_fotoBenitoArnaiz_20120701_0240 copia\" src=\"data:image\/svg+xml;base64,PHN2ZyB3aWR0aD0iMSIgaGVpZ2h0PSIxIiB4bWxucz0iaHR0cDovL3d3dy53My5vcmcvMjAwMC9zdmciPjwvc3ZnPg==\" style=\"--smush-placeholder-width: 900px; --smush-placeholder-aspect-ratio: 900\/506;\" \/><\/figure><\/a><\/div>\t\t\t<\/div>\n\t\t\t\t\t\t\t\n\t\t\t\t\t\t\t\t\t<\/div>\n\t\t\t\t\t\t<\/div>\n\t\t\t\t<\/div>\n\t\t\t\t\t<\/div>\n\t\t<\/div>\n\t\t\t\t\t<\/div>\n\t\t<\/section>\n\t\t\t\t\t<\/div>\n\t\t<\/div>\n\t\t\t\t\t<\/div>\n\t\t<\/section>\n\t\t\t\t<section class=\"elementor-section elementor-top-section elementor-element elementor-element-443719e elementor-section-boxed elementor-section-height-default elementor-section-height-default\" data-id=\"443719e\" data-element_type=\"section\" data-e-type=\"section\">\n\t\t\t\t\t\t<div class=\"elementor-container elementor-column-gap-default\">\n\t\t\t\t\t<div class=\"elementor-column elementor-col-50 elementor-top-column elementor-element elementor-element-cb28314\" data-id=\"cb28314\" data-element_type=\"column\" data-e-type=\"column\">\n\t\t\t<div class=\"elementor-widget-wrap elementor-element-populated\">\n\t\t\t\t\t\t<div class=\"elementor-element elementor-element-96ff60a elementor-widget elementor-widget-heading\" data-id=\"96ff60a\" data-element_type=\"widget\" data-e-type=\"widget\" data-widget_type=\"heading.default\">\n\t\t\t\t<div class=\"elementor-widget-container\">\n\t\t\t\t\t<h2 class=\"elementor-heading-title elementor-size-default\">EL PATRIMONIO CULTURAL COMO HERENCIA VIVA<\/h2>\t\t\t\t<\/div>\n\t\t\t\t<\/div>\n\t\t\t\t<div class=\"elementor-element elementor-element-d3146a5 elementor-widget elementor-widget-text-editor\" data-id=\"d3146a5\" data-element_type=\"widget\" data-e-type=\"widget\" data-widget_type=\"text-editor.default\">\n\t\t\t\t<div class=\"elementor-widget-container\">\n\t\t\t\t\t\t\t\t\t<p>El patrimonio cultural de un territorio tiene tantas dimensiones y matices como personas que lo habitan. A trav\u00e9s de \u00e9l construimos nuestras <strong>identidades compartidas entre generaciones y lugares.<\/strong><\/p><p>El patrimonio nos habla del pasado proyect\u00e1ndose al futuro. <strong>Es un legado vivo,<\/strong> <strong>en permanente construcci\u00f3n.<\/strong> Se revela en los restos arqueol\u00f3gicos, los monumentos, los objetos, los paisajes\u2026 pero tambi\u00e9n en las tradiciones, las pr\u00e1cticas y las emociones.<\/p><p>Por todo esto queremos recoger voces y testimonios que nos ayuden a recrear el escenario actual del patrimonio de Castilla y Le\u00f3n. Una visi\u00f3n que se acerque al pasado desde el presente, planteando los retos para el futuro.<\/p>\t\t\t\t\t\t\t\t<\/div>\n\t\t\t\t<\/div>\n\t\t\t\t\t<\/div>\n\t\t<\/div>\n\t\t\t\t<div class=\"elementor-column elementor-col-50 elementor-top-column elementor-element elementor-element-bae7e7a\" data-id=\"bae7e7a\" data-element_type=\"column\" data-e-type=\"column\">\n\t\t\t<div class=\"elementor-widget-wrap elementor-element-populated\">\n\t\t\t\t\t\t<div class=\"elementor-element elementor-element-0fd8fed elementor-widget elementor-widget-image\" data-id=\"0fd8fed\" data-element_type=\"widget\" data-e-type=\"widget\" data-widget_type=\"image.default\">\n\t\t\t\t<div class=\"elementor-widget-container\">\n\t\t\t\t\t\t\t\t\t\t\t\t\t\t\t<img fetchpriority=\"high\" decoding=\"async\" width=\"900\" height=\"878\" src=\"https:\/\/www.tierravoz.com\/patrimonioculturalcyl\/wp-content\/uploads\/nube-palabras.gif\" class=\"attachment-large size-large wp-image-322\" alt=\"\" \/>\t\t\t\t\t\t\t\t\t\t\t\t\t\t\t<\/div>\n\t\t\t\t<\/div>\n\t\t\t\t\t<\/div>\n\t\t<\/div>\n\t\t\t\t\t<\/div>\n\t\t<\/section>\n\t\t\t\t<section class=\"elementor-section elementor-top-section elementor-element elementor-element-d8e3d32 elementor-section-boxed elementor-section-height-default elementor-section-height-default\" data-id=\"d8e3d32\" data-element_type=\"section\" data-e-type=\"section\" id=\"paticipa\" data-settings=\"{&quot;background_background&quot;:&quot;classic&quot;,&quot;shape_divider_top&quot;:&quot;opacity-tilt&quot;}\">\n\t\t\t\t\t\t\t<div class=\"elementor-background-overlay\"><\/div>\n\t\t\t\t\t\t<div class=\"elementor-shape elementor-shape-top\" aria-hidden=\"true\" data-negative=\"false\">\n\t\t\t<svg xmlns=\"http:\/\/www.w3.org\/2000\/svg\" viewBox=\"0 0 2600 131.1\" preserveAspectRatio=\"none\">\n\t<path class=\"elementor-shape-fill\" d=\"M0 0L2600 0 2600 69.1 0 0z\"\/>\n\t<path class=\"elementor-shape-fill\" style=\"opacity:0.5\" d=\"M0 0L2600 0 2600 69.1 0 69.1z\"\/>\n\t<path class=\"elementor-shape-fill\" style=\"opacity:0.25\" d=\"M2600 0L0 0 0 130.1 2600 69.1z\"\/>\n<\/svg>\t\t<\/div>\n\t\t\t\t\t<div class=\"elementor-container elementor-column-gap-default\">\n\t\t\t\t\t<div class=\"elementor-column elementor-col-100 elementor-top-column elementor-element elementor-element-b25e23e\" data-id=\"b25e23e\" data-element_type=\"column\" data-e-type=\"column\">\n\t\t\t<div class=\"elementor-widget-wrap elementor-element-populated\">\n\t\t\t\t\t\t<section class=\"elementor-section elementor-inner-section elementor-element elementor-element-a7f1163 elementor-section-boxed elementor-section-height-default elementor-section-height-default\" data-id=\"a7f1163\" data-element_type=\"section\" data-e-type=\"section\">\n\t\t\t\t\t\t<div class=\"elementor-container elementor-column-gap-default\">\n\t\t\t\t\t<div class=\"elementor-column elementor-col-100 elementor-inner-column elementor-element elementor-element-a8ee192\" data-id=\"a8ee192\" data-element_type=\"column\" data-e-type=\"column\">\n\t\t\t<div class=\"elementor-widget-wrap elementor-element-populated\">\n\t\t\t\t\t\t<div class=\"elementor-element elementor-element-787e1a7 elementor-widget elementor-widget-heading\" data-id=\"787e1a7\" data-element_type=\"widget\" data-e-type=\"widget\" data-widget_type=\"heading.default\">\n\t\t\t\t<div class=\"elementor-widget-container\">\n\t\t\t\t\t<h2 class=\"elementor-heading-title elementor-size-default\">\u00a1PARTICIPA!<\/h2>\t\t\t\t<\/div>\n\t\t\t\t<\/div>\n\t\t\t\t\t<\/div>\n\t\t<\/div>\n\t\t\t\t\t<\/div>\n\t\t<\/section>\n\t\t\t\t<section class=\"elementor-section elementor-inner-section elementor-element elementor-element-d4ad394 elementor-section-boxed elementor-section-height-default elementor-section-height-default\" data-id=\"d4ad394\" data-element_type=\"section\" data-e-type=\"section\">\n\t\t\t\t\t\t<div class=\"elementor-container elementor-column-gap-default\">\n\t\t\t\t\t<div class=\"elementor-column elementor-col-33 elementor-inner-column elementor-element elementor-element-d8a6c4c\" data-id=\"d8a6c4c\" data-element_type=\"column\" data-e-type=\"column\">\n\t\t\t<div class=\"elementor-widget-wrap elementor-element-populated\">\n\t\t\t\t\t\t<div class=\"elementor-element elementor-element-f159d0e elementor-widget elementor-widget-text-editor\" data-id=\"f159d0e\" data-element_type=\"widget\" data-e-type=\"widget\" data-widget_type=\"text-editor.default\">\n\t\t\t\t<div class=\"elementor-widget-container\">\n\t\t\t\t\t\t\t\t\t<p style=\"font-weight: 500; font-size: 24px; line-height:1.3;\">Queremos saber qu\u00e9 te apasiona acerca del patrimonio de Castilla y Le\u00f3n.<\/p>\nPuedes enviar tu participaci\u00f3n a trav\u00e9s del siguiente cuestionario.\n\nTe damos algunas ideas:\n<ul>\n \t<li><em>\u00bfQu\u00e9 significa para ti el legado cultural?<\/em><\/li>\n \t<li><em>\u00bfC\u00f3mo est\u00e1 presente el patrimonio cultural en tu vida (personal, profesional, vital&#8230;)?<\/em><\/li>\n \t<li><em>\u00bfCu\u00e1l es el primer elemento patrimonial que recuerdas en tu vida? \u00bfY el que m\u00e1s valoras? \u00bfQui\u00e9n te transmiti\u00f3 ese valor?<\/em><\/li>\n \t<li><em>\u00bfQu\u00e9 te gustar\u00eda legar? \u00bfQu\u00e9 retos futuros tiene esa herencia cultural?<\/em><\/li>\n<\/ul>\nTambi\u00e9n puedes enviarnos documentos, audios, im\u00e1genes, v\u00eddeos, etc. a la siguiente direcci\u00f3n: <a style=\"color: #ffffff; text-decoration: underline;\" href=\"mailto:participa@tierravoz.com\" target=\"_blank\" rel=\"noopener\">participa@tierravoz.com.<\/a>\t\t\t\t\t\t\t\t<\/div>\n\t\t\t\t<\/div>\n\t\t\t\t\t<\/div>\n\t\t<\/div>\n\t\t\t\t<div class=\"elementor-column elementor-col-66 elementor-inner-column elementor-element elementor-element-f28dfe0\" data-id=\"f28dfe0\" data-element_type=\"column\" data-e-type=\"column\">\n\t\t\t<div class=\"elementor-widget-wrap elementor-element-populated\">\n\t\t\t\t\t\t<div class=\"elementor-element elementor-element-94af413 elementor-widget elementor-widget-shortcode\" data-id=\"94af413\" data-element_type=\"widget\" data-e-type=\"widget\" data-widget_type=\"shortcode.default\">\n\t\t\t\t<div class=\"elementor-widget-container\">\n\t\t\t\t\t\t\t<div class=\"elementor-shortcode\"><div class=\"wpforms-container wpforms-container-full\" id=\"wpforms-177\"><form id=\"wpforms-form-177\" class=\"wpforms-validate wpforms-form wpforms-ajax-form\" data-formid=\"177\" method=\"post\" enctype=\"multipart\/form-data\" action=\"\/patrimonioculturalcyl\/wp-json\/wp\/v2\/pages\/8\" data-token=\"ef4035e23f08ac8fd18660b53d1b6730\" data-token-time=\"1777683549\"><noscript class=\"wpforms-error-noscript\">Por favor, activa JavaScript en tu navegador para completar este formulario.<\/noscript><div class=\"wpforms-field-container\"><div id=\"wpforms-177-field_0-container\" class=\"wpforms-field wpforms-field-name\" data-field-id=\"0\"><label class=\"wpforms-field-label\" for=\"wpforms-177-field_0\">Nombre y apellidos <span class=\"wpforms-required-label\">*<\/span><\/label><input type=\"text\" id=\"wpforms-177-field_0\" class=\"wpforms-field-medium wpforms-field-required\" name=\"wpforms[fields][0]\" required><\/div><div id=\"wpforms-177-field_3-container\" class=\"wpforms-field wpforms-field-text\" data-field-id=\"3\"><label class=\"wpforms-field-label\" for=\"wpforms-177-field_3\">Entidad a la que perteneces. (Opcional)<\/label><input type=\"text\" id=\"wpforms-177-field_3\" class=\"wpforms-field-medium\" name=\"wpforms[fields][3]\" ><\/div><div id=\"wpforms-177-field_1-container\" class=\"wpforms-field wpforms-field-email\" data-field-id=\"1\"><label class=\"wpforms-field-label\" for=\"wpforms-177-field_1\">Email <span class=\"wpforms-required-label\">*<\/span><\/label><input type=\"email\" id=\"wpforms-177-field_1\" class=\"wpforms-field-medium wpforms-field-required\" name=\"wpforms[fields][1]\" spellcheck=\"false\" required><\/div><div id=\"wpforms-177-field_2-container\" class=\"wpforms-field wpforms-field-textarea\" data-field-id=\"2\"><label class=\"wpforms-field-label\" for=\"wpforms-177-field_2\">Cu\u00e9ntanos lo que quieras <span class=\"wpforms-required-label\">*<\/span><\/label><textarea id=\"wpforms-177-field_2\" class=\"wpforms-field-medium wpforms-field-required\" name=\"wpforms[fields][2]\" required><\/textarea><\/div><div id=\"wpforms-177-field_4-container\" class=\"wpforms-field wpforms-field-gdpr-checkbox\" data-field-id=\"4\"><label class=\"wpforms-field-label\">Pol\u00edtica de Privacidad <span class=\"wpforms-required-label\">*<\/span><\/label><ul id=\"wpforms-177-field_4\" class=\"wpforms-field-required\"><li class=\"choice-1\"><input type=\"checkbox\" id=\"wpforms-177-field_4_1\" name=\"wpforms[fields][4][]\" value=\"Acepto la Pol\u00edtica de Privacidad de este sitio.\" required ><label class=\"wpforms-field-label-inline\" for=\"wpforms-177-field_4_1\">Acepto la Pol\u00edtica de Privacidad de este sitio.<\/label><\/li><\/ul><\/div><\/div><!-- .wpforms-field-container --><div class=\"wpforms-submit-container\" ><input type=\"hidden\" name=\"wpforms[id]\" value=\"177\"><input type=\"hidden\" name=\"page_title\" value=\"\"><input type=\"hidden\" name=\"page_url\" value=\"https:\/\/www.tierravoz.com\/patrimonioculturalcyl\/wp-json\/wp\/v2\/pages\/8\"><input type=\"hidden\" name=\"url_referer\" value=\"\"><button type=\"submit\" name=\"wpforms[submit]\" id=\"wpforms-submit-177\" class=\"wpforms-submit\" data-alt-text=\"Enviando...\" data-submit-text=\"ENVIAR\" aria-live=\"assertive\" value=\"wpforms-submit\">ENVIAR<\/button><img decoding=\"async\" data-src=\"https:\/\/www.tierravoz.com\/patrimonioculturalcyl\/wp-content\/plugins\/wpforms-lite\/assets\/images\/submit-spin.svg\" class=\"wpforms-submit-spinner lazyload\" style=\"--smush-placeholder-width: 26px; --smush-placeholder-aspect-ratio: 26\/26;display: none;\" width=\"26\" height=\"26\" alt=\"Cargando\" src=\"data:image\/svg+xml;base64,PHN2ZyB3aWR0aD0iMSIgaGVpZ2h0PSIxIiB4bWxucz0iaHR0cDovL3d3dy53My5vcmcvMjAwMC9zdmciPjwvc3ZnPg==\"><\/div><\/form><\/div>  <!-- .wpforms-container --><\/div>\n\t\t\t\t\t\t<\/div>\n\t\t\t\t<\/div>\n\t\t\t\t\t<\/div>\n\t\t<\/div>\n\t\t\t\t\t<\/div>\n\t\t<\/section>\n\t\t\t\t\t<\/div>\n\t\t<\/div>\n\t\t\t\t\t<\/div>\n\t\t<\/section>\n\t\t\t\t<section class=\"elementor-section elementor-top-section elementor-element elementor-element-9dae129 elementor-section-full_width elementor-section-height-default elementor-section-height-default\" data-id=\"9dae129\" data-element_type=\"section\" data-e-type=\"section\">\n\t\t\t\t\t\t<div class=\"elementor-container elementor-column-gap-default\">\n\t\t\t\t\t<div class=\"elementor-column elementor-col-100 elementor-top-column elementor-element elementor-element-445ba28\" data-id=\"445ba28\" data-element_type=\"column\" data-e-type=\"column\">\n\t\t\t<div class=\"elementor-widget-wrap elementor-element-populated\">\n\t\t\t\t\t\t<section class=\"elementor-section elementor-inner-section elementor-element elementor-element-7fc3bb4 elementor-section-boxed elementor-section-height-default elementor-section-height-default\" data-id=\"7fc3bb4\" data-element_type=\"section\" data-e-type=\"section\" data-settings=\"{&quot;shape_divider_bottom&quot;:&quot;opacity-tilt&quot;}\">\n\t\t\t\t\t<div class=\"elementor-shape elementor-shape-bottom\" aria-hidden=\"true\" data-negative=\"false\">\n\t\t\t<svg xmlns=\"http:\/\/www.w3.org\/2000\/svg\" viewBox=\"0 0 2600 131.1\" preserveAspectRatio=\"none\">\n\t<path class=\"elementor-shape-fill\" d=\"M0 0L2600 0 2600 69.1 0 0z\"\/>\n\t<path class=\"elementor-shape-fill\" style=\"opacity:0.5\" d=\"M0 0L2600 0 2600 69.1 0 69.1z\"\/>\n\t<path class=\"elementor-shape-fill\" style=\"opacity:0.25\" d=\"M2600 0L0 0 0 130.1 2600 69.1z\"\/>\n<\/svg>\t\t<\/div>\n\t\t\t\t\t<div class=\"elementor-container elementor-column-gap-default\">\n\t\t\t\t\t<div class=\"elementor-column elementor-col-50 elementor-inner-column elementor-element elementor-element-190de04\" data-id=\"190de04\" data-element_type=\"column\" data-e-type=\"column\">\n\t\t\t<div class=\"elementor-widget-wrap elementor-element-populated\">\n\t\t\t\t\t\t<div class=\"elementor-element elementor-element-a2a8cd8 elementor-widget elementor-widget-heading\" data-id=\"a2a8cd8\" data-element_type=\"widget\" data-e-type=\"widget\" data-widget_type=\"heading.default\">\n\t\t\t\t<div class=\"elementor-widget-container\">\n\t\t\t\t\t<h2 class=\"elementor-heading-title elementor-size-default\">PR\u00d3XIMAMENTE...<\/h2>\t\t\t\t<\/div>\n\t\t\t\t<\/div>\n\t\t\t\t<div class=\"elementor-element elementor-element-5bb625c elementor-widget elementor-widget-text-editor\" data-id=\"5bb625c\" data-element_type=\"widget\" data-e-type=\"widget\" data-widget_type=\"text-editor.default\">\n\t\t\t\t<div class=\"elementor-widget-container\">\n\t\t\t\t\t\t\t\t\t<p>En este momento estamos recogiendo algunas de las voces que dan forma al patrimonio cultural de Castilla y Le\u00f3n.<\/p><p>Con ellas elaboraremos<strong> un documental y una serie de audiovisuales<\/strong> que nos ayuden a repensar y poner en valor una herencia viva que conecta entre generaciones y territorios.<\/p>\t\t\t\t\t\t\t\t<\/div>\n\t\t\t\t<\/div>\n\t\t\t\t\t<\/div>\n\t\t<\/div>\n\t\t\t\t<div class=\"elementor-column elementor-col-50 elementor-inner-column elementor-element elementor-element-efad542\" data-id=\"efad542\" data-element_type=\"column\" data-e-type=\"column\">\n\t\t\t<div class=\"elementor-widget-wrap elementor-element-populated\">\n\t\t\t\t\t\t<div class=\"elementor-element elementor-element-b6caae7 pp-image-accordion-orientation-vertical pp-image-accordion-stack-on-tablet elementor-widget elementor-widget-pp-image-accordion\" data-id=\"b6caae7\" data-element_type=\"widget\" data-e-type=\"widget\" data-settings=\"{&quot;accordion_action&quot;:&quot;on-hover&quot;}\" data-widget_type=\"pp-image-accordion.default\">\n\t\t\t\t<div class=\"elementor-widget-container\">\n\t\t\t\t\t\t\t\t<div class=\"pp-image-accordion pp-image-accordion-on-hover\" id=\"pp-image-accordion-b6caae7\">\n\t\t\t\t\t\t\t\t\t\t\t\t\t\t<div class=\"pp-image-accordion-item elementor-repeater-item-b36fac5 lazyload\" style=\"background-image:inherit;\" data-bg-image=\"url(https:\/\/www.tierravoz.com\/patrimonioculturalcyl\/wp-content\/uploads\/rodaje-copia.jpg)\">\n\t\t\t\t\t\t<div class=\"pp-image-accordion-overlay pp-media-overlay\">\n\t\t\t\t\t\t\t<div class=\"pp-image-accordion-content-wrap\">\n\t\t\t\t\t\t\t\t<div class=\"pp-image-accordion-content\">\n\t\t\t\t\t\t\t\t\t\t\t\t\t\t\t\t\t\t<h2 class=\"pp-image-accordion-title\">\n\t\t\t\t\t\t\t\t\t\t\t\t\t\t\t\t\t\t\t<\/h2>\n\t\t\t\t\t\t\t\t\t<div class=\"pp-image-accordion-description\">\n\t\t\t\t\t\t\t\t\t\t\t\t\t\t\t\t\t\t\t<\/div>\n\t\t\t\t\t\t\t\t<\/div>\n\t\t\t\t\t\t\t\t\t\t\t\t\t\t\t<\/div>\n\t\t\t\t\t\t<\/div>\n\t\t\t\t\t<\/div>\n\t\t\t\t\t\t\t\t\t\t\t\t\t\t<div class=\"pp-image-accordion-item elementor-repeater-item-53af6aa lazyload\" style=\"background-image:inherit;\" data-bg-image=\"url(https:\/\/www.tierravoz.com\/patrimonioculturalcyl\/wp-content\/uploads\/PRODUCCION-600.jpg)\">\n\t\t\t\t\t\t<div class=\"pp-image-accordion-overlay pp-media-overlay\">\n\t\t\t\t\t\t\t<div class=\"pp-image-accordion-content-wrap\">\n\t\t\t\t\t\t\t\t<div class=\"pp-image-accordion-content\">\n\t\t\t\t\t\t\t\t\t\t\t\t\t\t\t\t\t\t<h2 class=\"pp-image-accordion-title\">\n\t\t\t\t\t\t\t\t\t\t\t\t\t\t\t\t\t\t\t<\/h2>\n\t\t\t\t\t\t\t\t\t<div class=\"pp-image-accordion-description\">\n\t\t\t\t\t\t\t\t\t\t\t\t\t\t\t\t\t\t\t<\/div>\n\t\t\t\t\t\t\t\t<\/div>\n\t\t\t\t\t\t\t\t\t\t\t\t\t\t\t<\/div>\n\t\t\t\t\t\t<\/div>\n\t\t\t\t\t<\/div>\n\t\t\t\t\t\t\t<\/div>\n\t\t\t\t\t\t<\/div>\n\t\t\t\t<\/div>\n\t\t\t\t\t<\/div>\n\t\t<\/div>\n\t\t\t\t\t<\/div>\n\t\t<\/section>\n\t\t\t\t<section class=\"elementor-section elementor-inner-section elementor-element elementor-element-992ac39 elementor-section-boxed elementor-section-height-default elementor-section-height-default\" data-id=\"992ac39\" data-element_type=\"section\" data-e-type=\"section\">\n\t\t\t\t\t\t<div class=\"elementor-container elementor-column-gap-default\">\n\t\t\t\t\t<div class=\"elementor-column elementor-col-100 elementor-inner-column elementor-element elementor-element-01bc0c4\" data-id=\"01bc0c4\" data-element_type=\"column\" data-e-type=\"column\">\n\t\t\t<div class=\"elementor-widget-wrap elementor-element-populated\">\n\t\t\t\t\t\t<div class=\"elementor-element elementor-element-2ef48ca elementor-widget elementor-widget-image\" data-id=\"2ef48ca\" data-element_type=\"widget\" data-e-type=\"widget\" data-widget_type=\"image.default\">\n\t\t\t\t<div class=\"elementor-widget-container\">\n\t\t\t\t\t\t\t\t\t\t\t\t\t\t\t<img decoding=\"async\" width=\"700\" height=\"100\" data-src=\"https:\/\/www.tierravoz.com\/patrimonioculturalcyl\/wp-content\/uploads\/cierre-logos.jpg\" class=\"attachment-large size-large wp-image-350 lazyload\" alt=\"\" data-srcset=\"https:\/\/www.tierravoz.com\/patrimonioculturalcyl\/wp-content\/uploads\/cierre-logos.jpg 700w, https:\/\/www.tierravoz.com\/patrimonioculturalcyl\/wp-content\/uploads\/cierre-logos-300x43.jpg 300w\" data-sizes=\"(max-width: 700px) 100vw, 700px\" src=\"data:image\/svg+xml;base64,PHN2ZyB3aWR0aD0iMSIgaGVpZ2h0PSIxIiB4bWxucz0iaHR0cDovL3d3dy53My5vcmcvMjAwMC9zdmciPjwvc3ZnPg==\" style=\"--smush-placeholder-width: 700px; --smush-placeholder-aspect-ratio: 700\/100;\" \/>\t\t\t\t\t\t\t\t\t\t\t\t\t\t\t<\/div>\n\t\t\t\t<\/div>\n\t\t\t\t\t<\/div>\n\t\t<\/div>\n\t\t\t\t\t<\/div>\n\t\t<\/section>\n\t\t\t\t\t<\/div>\n\t\t<\/div>\n\t\t\t\t\t<\/div>\n\t\t<\/section>\n\t\t\t\t<section class=\"elementor-section elementor-top-section elementor-element elementor-element-f8107ad elementor-section-full_width elementor-section-height-default elementor-section-height-default\" data-id=\"f8107ad\" data-element_type=\"section\" data-e-type=\"section\" id=\"trayectoria\" data-settings=\"{&quot;background_background&quot;:&quot;classic&quot;,&quot;shape_divider_top&quot;:&quot;opacity-tilt&quot;}\">\n\t\t\t\t\t<div class=\"elementor-shape elementor-shape-top\" aria-hidden=\"true\" data-negative=\"false\">\n\t\t\t<svg xmlns=\"http:\/\/www.w3.org\/2000\/svg\" viewBox=\"0 0 2600 131.1\" preserveAspectRatio=\"none\">\n\t<path class=\"elementor-shape-fill\" d=\"M0 0L2600 0 2600 69.1 0 0z\"\/>\n\t<path class=\"elementor-shape-fill\" style=\"opacity:0.5\" d=\"M0 0L2600 0 2600 69.1 0 69.1z\"\/>\n\t<path class=\"elementor-shape-fill\" style=\"opacity:0.25\" d=\"M2600 0L0 0 0 130.1 2600 69.1z\"\/>\n<\/svg>\t\t<\/div>\n\t\t\t\t\t<div class=\"elementor-container elementor-column-gap-default\">\n\t\t\t\t\t<div class=\"elementor-column elementor-col-100 elementor-top-column elementor-element elementor-element-32333a1\" data-id=\"32333a1\" data-element_type=\"column\" data-e-type=\"column\">\n\t\t\t<div class=\"elementor-widget-wrap elementor-element-populated\">\n\t\t\t\t\t\t<section class=\"elementor-section elementor-inner-section elementor-element elementor-element-622c595 elementor-section-boxed elementor-section-height-default elementor-section-height-default\" data-id=\"622c595\" data-element_type=\"section\" data-e-type=\"section\" data-settings=\"{&quot;shape_divider_bottom&quot;:&quot;opacity-tilt&quot;}\">\n\t\t\t\t\t<div class=\"elementor-shape elementor-shape-bottom\" aria-hidden=\"true\" data-negative=\"false\">\n\t\t\t<svg xmlns=\"http:\/\/www.w3.org\/2000\/svg\" viewBox=\"0 0 2600 131.1\" preserveAspectRatio=\"none\">\n\t<path class=\"elementor-shape-fill\" d=\"M0 0L2600 0 2600 69.1 0 0z\"\/>\n\t<path class=\"elementor-shape-fill\" style=\"opacity:0.5\" d=\"M0 0L2600 0 2600 69.1 0 69.1z\"\/>\n\t<path class=\"elementor-shape-fill\" style=\"opacity:0.25\" d=\"M2600 0L0 0 0 130.1 2600 69.1z\"\/>\n<\/svg>\t\t<\/div>\n\t\t\t\t\t<div class=\"elementor-container elementor-column-gap-default\">\n\t\t\t\t\t<div class=\"elementor-column elementor-col-100 elementor-inner-column elementor-element elementor-element-3b5ed4d\" data-id=\"3b5ed4d\" data-element_type=\"column\" data-e-type=\"column\">\n\t\t\t<div class=\"elementor-widget-wrap elementor-element-populated\">\n\t\t\t\t\t\t<div class=\"elementor-element elementor-element-1fe6a9d elementor-widget elementor-widget-image\" data-id=\"1fe6a9d\" data-element_type=\"widget\" data-e-type=\"widget\" data-widget_type=\"image.default\">\n\t\t\t\t<div class=\"elementor-widget-container\">\n\t\t\t\t\t\t\t\t\t\t\t\t\t\t\t<img decoding=\"async\" width=\"1024\" height=\"927\" data-src=\"https:\/\/www.tierravoz.com\/patrimonioculturalcyl\/wp-content\/uploads\/Tierravoz-Producciones_letra-blanca-1024x927.png\" class=\"attachment-large size-large wp-image-230 lazyload\" alt=\"\" data-srcset=\"https:\/\/www.tierravoz.com\/patrimonioculturalcyl\/wp-content\/uploads\/Tierravoz-Producciones_letra-blanca-1024x927.png 1024w, https:\/\/www.tierravoz.com\/patrimonioculturalcyl\/wp-content\/uploads\/Tierravoz-Producciones_letra-blanca-300x272.png 300w, https:\/\/www.tierravoz.com\/patrimonioculturalcyl\/wp-content\/uploads\/Tierravoz-Producciones_letra-blanca-768x695.png 768w, https:\/\/www.tierravoz.com\/patrimonioculturalcyl\/wp-content\/uploads\/Tierravoz-Producciones_letra-blanca.png 1438w\" data-sizes=\"(max-width: 1024px) 100vw, 1024px\" src=\"data:image\/svg+xml;base64,PHN2ZyB3aWR0aD0iMSIgaGVpZ2h0PSIxIiB4bWxucz0iaHR0cDovL3d3dy53My5vcmcvMjAwMC9zdmciPjwvc3ZnPg==\" style=\"--smush-placeholder-width: 1024px; --smush-placeholder-aspect-ratio: 1024\/927;\" \/>\t\t\t\t\t\t\t\t\t\t\t\t\t\t\t<\/div>\n\t\t\t\t<\/div>\n\t\t\t\t<div class=\"elementor-element elementor-element-29bb14e elementor-widget elementor-widget-heading\" data-id=\"29bb14e\" data-element_type=\"widget\" data-e-type=\"widget\" data-widget_type=\"heading.default\">\n\t\t\t\t<div class=\"elementor-widget-container\">\n\t\t\t\t\t<h2 class=\"elementor-heading-title elementor-size-default\">CONOCE NUESTRA TRAYECTORIA<\/h2>\t\t\t\t<\/div>\n\t\t\t\t<\/div>\n\t\t\t\t<div class=\"elementor-element elementor-element-6a57f4d elementor-widget elementor-widget-text-editor\" data-id=\"6a57f4d\" data-element_type=\"widget\" data-e-type=\"widget\" data-widget_type=\"text-editor.default\">\n\t\t\t\t<div class=\"elementor-widget-container\">\n\t\t\t\t\t\t\t\t\t<p>Somos Tierravoz Producciones, una productora audiovisual especializada en documentales sobre temas socioculturales y ambientales, desarrollados en formatos transmedia y multiplataforma, con m\u00e1s de 15 a\u00f1os de experiencia en el sector.<\/p>\t\t\t\t\t\t\t\t<\/div>\n\t\t\t\t<\/div>\n\t\t\t\t<div class=\"elementor-element elementor-element-c1b1765 elementor-widget elementor-widget-image\" data-id=\"c1b1765\" data-element_type=\"widget\" data-e-type=\"widget\" data-widget_type=\"image.default\">\n\t\t\t\t<div class=\"elementor-widget-container\">\n\t\t\t\t\t\t\t\t\t\t\t\t\t\t\t<img decoding=\"async\" width=\"900\" height=\"565\" data-src=\"https:\/\/www.tierravoz.com\/patrimonioculturalcyl\/wp-content\/uploads\/web-tierravoz-02-copia.jpg\" class=\"attachment-large size-large wp-image-561 lazyload\" alt=\"\" data-srcset=\"https:\/\/www.tierravoz.com\/patrimonioculturalcyl\/wp-content\/uploads\/web-tierravoz-02-copia.jpg 900w, https:\/\/www.tierravoz.com\/patrimonioculturalcyl\/wp-content\/uploads\/web-tierravoz-02-copia-300x188.jpg 300w, https:\/\/www.tierravoz.com\/patrimonioculturalcyl\/wp-content\/uploads\/web-tierravoz-02-copia-768x482.jpg 768w\" data-sizes=\"(max-width: 900px) 100vw, 900px\" src=\"data:image\/svg+xml;base64,PHN2ZyB3aWR0aD0iMSIgaGVpZ2h0PSIxIiB4bWxucz0iaHR0cDovL3d3dy53My5vcmcvMjAwMC9zdmciPjwvc3ZnPg==\" style=\"--smush-placeholder-width: 900px; --smush-placeholder-aspect-ratio: 900\/565;\" \/>\t\t\t\t\t\t\t\t\t\t\t\t\t\t\t<\/div>\n\t\t\t\t<\/div>\n\t\t\t\t\t<\/div>\n\t\t<\/div>\n\t\t\t\t\t<\/div>\n\t\t<\/section>\n\t\t\t\t<section class=\"elementor-section elementor-inner-section elementor-element elementor-element-c2b767c elementor-section-boxed elementor-section-height-default elementor-section-height-default\" data-id=\"c2b767c\" data-element_type=\"section\" data-e-type=\"section\">\n\t\t\t\t\t\t<div class=\"elementor-container elementor-column-gap-default\">\n\t\t\t\t\t<div class=\"elementor-column elementor-col-100 elementor-inner-column elementor-element elementor-element-b301b04\" data-id=\"b301b04\" data-element_type=\"column\" data-e-type=\"column\">\n\t\t\t<div class=\"elementor-widget-wrap elementor-element-populated\">\n\t\t\t\t\t\t<div class=\"elementor-element elementor-element-f613f92 elementor-widget elementor-widget-heading\" data-id=\"f613f92\" data-element_type=\"widget\" data-e-type=\"widget\" data-widget_type=\"heading.default\">\n\t\t\t\t<div class=\"elementor-widget-container\">\n\t\t\t\t\t<h3 class=\"elementor-heading-title elementor-size-default\">En Tierravoz hemos prestado siempre una atenci\u00f3n especial al patrimonio cultural.\n<\/h3>\t\t\t\t<\/div>\n\t\t\t\t<\/div>\n\t\t\t\t\t<\/div>\n\t\t<\/div>\n\t\t\t\t\t<\/div>\n\t\t<\/section>\n\t\t\t\t<section class=\"elementor-section elementor-inner-section elementor-element elementor-element-645ff4b elementor-section-boxed elementor-section-height-default elementor-section-height-default\" data-id=\"645ff4b\" data-element_type=\"section\" data-e-type=\"section\">\n\t\t\t\t\t\t<div class=\"elementor-container elementor-column-gap-wider\">\n\t\t\t\t\t<div class=\"elementor-column elementor-col-33 elementor-inner-column elementor-element elementor-element-087400a\" data-id=\"087400a\" data-element_type=\"column\" data-e-type=\"column\">\n\t\t\t<div class=\"elementor-widget-wrap elementor-element-populated\">\n\t\t\t\t\t\t<div class=\"elementor-element elementor-element-d3518f6 elementor-position-top elementor-widget elementor-widget-image-box\" data-id=\"d3518f6\" data-element_type=\"widget\" data-e-type=\"widget\" data-widget_type=\"image-box.default\">\n\t\t\t\t<div class=\"elementor-widget-container\">\n\t\t\t\t\t<div class=\"elementor-image-box-wrapper\"><figure class=\"elementor-image-box-img\"><img decoding=\"async\" width=\"220\" height=\"300\" data-src=\"https:\/\/www.tierravoz.com\/patrimonioculturalcyl\/wp-content\/uploads\/tsingua.jpg\" class=\"attachment-full size-full wp-image-234 lazyload\" alt=\"\" src=\"data:image\/svg+xml;base64,PHN2ZyB3aWR0aD0iMSIgaGVpZ2h0PSIxIiB4bWxucz0iaHR0cDovL3d3dy53My5vcmcvMjAwMC9zdmciPjwvc3ZnPg==\" style=\"--smush-placeholder-width: 220px; --smush-placeholder-aspect-ratio: 220\/300;\" \/><\/figure><div class=\"elementor-image-box-content\"><h3 class=\"elementor-image-box-title\">\"Al son de la tsingua\"<\/h3><p class=\"elementor-image-box-description\">En los \u00faltimos a\u00f1os a\u00f1os hemos producido el documental 'Al son de la tsingua', donde hablamos del tesoro inmaterial que supone el patsuezu, la variante asturleon\u00e9s del norte de Le\u00f3n.<\/p><\/div><\/div>\t\t\t\t<\/div>\n\t\t\t\t<\/div>\n\t\t\t\t\t<\/div>\n\t\t<\/div>\n\t\t\t\t<div class=\"elementor-column elementor-col-33 elementor-inner-column elementor-element elementor-element-fb11ced\" data-id=\"fb11ced\" data-element_type=\"column\" data-e-type=\"column\">\n\t\t\t<div class=\"elementor-widget-wrap elementor-element-populated\">\n\t\t\t\t\t\t<div class=\"elementor-element elementor-element-4d8ef22 elementor-position-top elementor-widget elementor-widget-image-box\" data-id=\"4d8ef22\" data-element_type=\"widget\" data-e-type=\"widget\" data-widget_type=\"image-box.default\">\n\t\t\t\t<div class=\"elementor-widget-container\">\n\t\t\t\t\t<div class=\"elementor-image-box-wrapper\"><figure class=\"elementor-image-box-img\"><img decoding=\"async\" width=\"220\" height=\"300\" data-src=\"https:\/\/www.tierravoz.com\/patrimonioculturalcyl\/wp-content\/uploads\/anudando.jpg\" class=\"attachment-full size-full wp-image-235 lazyload\" alt=\"\" src=\"data:image\/svg+xml;base64,PHN2ZyB3aWR0aD0iMSIgaGVpZ2h0PSIxIiB4bWxucz0iaHR0cDovL3d3dy53My5vcmcvMjAwMC9zdmciPjwvc3ZnPg==\" style=\"--smush-placeholder-width: 220px; --smush-placeholder-aspect-ratio: 220\/300;\" \/><\/figure><div class=\"elementor-image-box-content\"><h3 class=\"elementor-image-box-title\">\"Anudando\"<\/h3><p class=\"elementor-image-box-description\">El proyecto participativo Anudando Vivencias Textiles recoge la memoria oral vinculada al patrimonio industrial del textil bejarano.<\/p><\/div><\/div>\t\t\t\t<\/div>\n\t\t\t\t<\/div>\n\t\t\t\t\t<\/div>\n\t\t<\/div>\n\t\t\t\t<div class=\"elementor-column elementor-col-33 elementor-inner-column elementor-element elementor-element-77618e5\" data-id=\"77618e5\" data-element_type=\"column\" data-e-type=\"column\">\n\t\t\t<div class=\"elementor-widget-wrap elementor-element-populated\">\n\t\t\t\t\t\t<div class=\"elementor-element elementor-element-cd10f35 elementor-position-top elementor-widget elementor-widget-image-box\" data-id=\"cd10f35\" data-element_type=\"widget\" data-e-type=\"widget\" data-widget_type=\"image-box.default\">\n\t\t\t\t<div class=\"elementor-widget-container\">\n\t\t\t\t\t<div class=\"elementor-image-box-wrapper\"><figure class=\"elementor-image-box-img\"><img decoding=\"async\" width=\"220\" height=\"300\" data-src=\"https:\/\/www.tierravoz.com\/patrimonioculturalcyl\/wp-content\/uploads\/arquitectura-popular.jpg\" class=\"attachment-full size-full wp-image-236 lazyload\" alt=\"\" src=\"data:image\/svg+xml;base64,PHN2ZyB3aWR0aD0iMSIgaGVpZ2h0PSIxIiB4bWxucz0iaHR0cDovL3d3dy53My5vcmcvMjAwMC9zdmciPjwvc3ZnPg==\" style=\"--smush-placeholder-width: 220px; --smush-placeholder-aspect-ratio: 220\/300;\" \/><\/figure><div class=\"elementor-image-box-content\"><h3 class=\"elementor-image-box-title\">\"Arquitectura popular\"<\/h3><p class=\"elementor-image-box-description\">Con este documental ponemos en valor las construcciones tradicionales y las buenas pr\u00e1cticas en la rehabilitaci\u00f3n.<\/p><\/div><\/div>\t\t\t\t<\/div>\n\t\t\t\t<\/div>\n\t\t\t\t\t<\/div>\n\t\t<\/div>\n\t\t\t\t\t<\/div>\n\t\t<\/section>\n\t\t\t\t<section class=\"elementor-section elementor-inner-section elementor-element elementor-element-e039334 elementor-section-boxed elementor-section-height-default elementor-section-height-default\" data-id=\"e039334\" data-element_type=\"section\" data-e-type=\"section\">\n\t\t\t\t\t\t<div class=\"elementor-container elementor-column-gap-default\">\n\t\t\t\t\t<div class=\"elementor-column elementor-col-50 elementor-inner-column elementor-element elementor-element-a6779c9\" data-id=\"a6779c9\" data-element_type=\"column\" data-e-type=\"column\">\n\t\t\t<div class=\"elementor-widget-wrap elementor-element-populated\">\n\t\t\t\t\t\t<div class=\"elementor-element elementor-element-6278a8e elementor-widget elementor-widget-image\" data-id=\"6278a8e\" data-element_type=\"widget\" data-e-type=\"widget\" data-widget_type=\"image.default\">\n\t\t\t\t<div class=\"elementor-widget-container\">\n\t\t\t\t\t\t\t\t\t\t\t\t\t\t\t<img decoding=\"async\" width=\"600\" height=\"430\" data-src=\"https:\/\/www.tierravoz.com\/patrimonioculturalcyl\/wp-content\/uploads\/melm-horizontal.jpg\" class=\"attachment-large size-large wp-image-247 lazyload\" alt=\"\" data-srcset=\"https:\/\/www.tierravoz.com\/patrimonioculturalcyl\/wp-content\/uploads\/melm-horizontal.jpg 600w, https:\/\/www.tierravoz.com\/patrimonioculturalcyl\/wp-content\/uploads\/melm-horizontal-300x215.jpg 300w\" data-sizes=\"(max-width: 600px) 100vw, 600px\" src=\"data:image\/svg+xml;base64,PHN2ZyB3aWR0aD0iMSIgaGVpZ2h0PSIxIiB4bWxucz0iaHR0cDovL3d3dy53My5vcmcvMjAwMC9zdmciPjwvc3ZnPg==\" style=\"--smush-placeholder-width: 600px; --smush-placeholder-aspect-ratio: 600\/430;\" \/>\t\t\t\t\t\t\t\t\t\t\t\t\t\t\t<\/div>\n\t\t\t\t<\/div>\n\t\t\t\t\t<\/div>\n\t\t<\/div>\n\t\t\t\t<div class=\"elementor-column elementor-col-50 elementor-inner-column elementor-element elementor-element-9e0d31d\" data-id=\"9e0d31d\" data-element_type=\"column\" data-e-type=\"column\">\n\t\t\t<div class=\"elementor-widget-wrap elementor-element-populated\">\n\t\t\t\t\t\t<div class=\"elementor-element elementor-element-65e7b45 elementor-widget elementor-widget-text-editor\" data-id=\"65e7b45\" data-element_type=\"widget\" data-e-type=\"widget\" data-widget_type=\"text-editor.default\">\n\t\t\t\t<div class=\"elementor-widget-container\">\n\t\t\t\t\t\t\t\t\t<p>Entre nuestros \u00faltimos trabajos producidos tambi\u00e9n se encuentra el largometraje documental &#8216;Jes\u00fas L\u00f3pez Cobos. M\u00fasica en las manos&#8217;, estrenado en la 63 Semana de cine de Valladolid (Seminci), que ha tenido un interesante recorrido por festivales tanto nacionales como internacionales. En mayo de 2019 se estren\u00f3 en salas y en febrero del 2020 fue emitido, en su versi\u00f3n televisiva, en el programa &#8216;Imprescindibles&#8217; de La 2 de TVE.<\/p>\t\t\t\t\t\t\t\t<\/div>\n\t\t\t\t<\/div>\n\t\t\t\t\t<\/div>\n\t\t<\/div>\n\t\t\t\t\t<\/div>\n\t\t<\/section>\n\t\t\t\t<section class=\"elementor-section elementor-inner-section elementor-element elementor-element-40a33bf elementor-section-boxed elementor-section-height-default elementor-section-height-default\" data-id=\"40a33bf\" data-element_type=\"section\" data-e-type=\"section\">\n\t\t\t\t\t\t<div class=\"elementor-container elementor-column-gap-default\">\n\t\t\t\t\t<div class=\"elementor-column elementor-col-100 elementor-inner-column elementor-element elementor-element-df88bec\" data-id=\"df88bec\" data-element_type=\"column\" data-e-type=\"column\">\n\t\t\t<div class=\"elementor-widget-wrap elementor-element-populated\">\n\t\t\t\t\t\t<div class=\"elementor-element elementor-element-f0c2f3a elementor-align-center elementor-widget elementor-widget-button\" data-id=\"f0c2f3a\" data-element_type=\"widget\" data-e-type=\"widget\" data-widget_type=\"button.default\">\n\t\t\t\t<div class=\"elementor-widget-container\">\n\t\t\t\t\t\t\t\t\t<div class=\"elementor-button-wrapper\">\n\t\t\t\t\t<a class=\"elementor-button elementor-button-link elementor-size-md\" href=\"http:\/\/www.tierravoz.com\">\n\t\t\t\t\t\t<span class=\"elementor-button-content-wrapper\">\n\t\t\t\t\t\t\t\t\t<span class=\"elementor-button-text\">CONOCE TIERRAVOZ<\/span>\n\t\t\t\t\t<\/span>\n\t\t\t\t\t<\/a>\n\t\t\t\t<\/div>\n\t\t\t\t\t\t\t\t<\/div>\n\t\t\t\t<\/div>\n\t\t\t\t\t<\/div>\n\t\t<\/div>\n\t\t\t\t\t<\/div>\n\t\t<\/section>\n\t\t\t\t<section class=\"elementor-section elementor-inner-section elementor-element elementor-element-1ad5b07 elementor-reverse-mobile elementor-section-content-bottom elementor-section-boxed elementor-section-height-default elementor-section-height-default\" data-id=\"1ad5b07\" data-element_type=\"section\" data-e-type=\"section\">\n\t\t\t\t\t\t<div class=\"elementor-container elementor-column-gap-default\">\n\t\t\t\t\t<div class=\"elementor-column elementor-col-50 elementor-inner-column elementor-element elementor-element-5f0fef7\" data-id=\"5f0fef7\" data-element_type=\"column\" data-e-type=\"column\">\n\t\t\t<div class=\"elementor-widget-wrap elementor-element-populated\">\n\t\t\t\t\t\t<div class=\"elementor-element elementor-element-6553631 elementor-widget elementor-widget-text-editor\" data-id=\"6553631\" data-element_type=\"widget\" data-e-type=\"widget\" data-widget_type=\"text-editor.default\">\n\t\t\t\t<div class=\"elementor-widget-container\">\n\t\t\t\t\t\t\t\t\t<a style=\"color: #ffffff;\" href=\"\/patrimonioculturalcyl\/aviso-legal\" target=\"_blank\" rel=\"noopener\">AVISO LEGAL<\/a>\u00a0| <a style=\"color: #ffffff;\" href=\"\/patrimonioculturalcyl\/politica-de-privacidad\" target=\"_blank\" rel=\"noopener\">POL\u00cdTICA DE PRIVACIDAD<\/a>\t\t\t\t\t\t\t\t<\/div>\n\t\t\t\t<\/div>\n\t\t\t\t\t<\/div>\n\t\t<\/div>\n\t\t\t\t<div class=\"elementor-column elementor-col-50 elementor-inner-column elementor-element elementor-element-a21d2bc\" data-id=\"a21d2bc\" data-element_type=\"column\" data-e-type=\"column\">\n\t\t\t<div class=\"elementor-widget-wrap elementor-element-populated\">\n\t\t\t\t\t\t<div class=\"elementor-element elementor-element-37fa8b9 elementor-widget elementor-widget-image\" data-id=\"37fa8b9\" data-element_type=\"widget\" data-e-type=\"widget\" data-widget_type=\"image.default\">\n\t\t\t\t<div class=\"elementor-widget-container\">\n\t\t\t\t\t\t\t\t\t\t\t\t\t\t\t<img decoding=\"async\" width=\"600\" height=\"263\" data-src=\"https:\/\/www.tierravoz.com\/patrimonioculturalcyl\/wp-content\/uploads\/logo-pc-cyl-blanco-600.png\" class=\"attachment-large size-large wp-image-119 lazyload\" alt=\"\" data-srcset=\"https:\/\/www.tierravoz.com\/patrimonioculturalcyl\/wp-content\/uploads\/logo-pc-cyl-blanco-600.png 600w, https:\/\/www.tierravoz.com\/patrimonioculturalcyl\/wp-content\/uploads\/logo-pc-cyl-blanco-600-300x132.png 300w\" data-sizes=\"(max-width: 600px) 100vw, 600px\" src=\"data:image\/svg+xml;base64,PHN2ZyB3aWR0aD0iMSIgaGVpZ2h0PSIxIiB4bWxucz0iaHR0cDovL3d3dy53My5vcmcvMjAwMC9zdmciPjwvc3ZnPg==\" style=\"--smush-placeholder-width: 600px; --smush-placeholder-aspect-ratio: 600\/263;\" \/>\t\t\t\t\t\t\t\t\t\t\t\t\t\t\t<\/div>\n\t\t\t\t<\/div>\n\t\t\t\t\t<\/div>\n\t\t<\/div>\n\t\t\t\t\t<\/div>\n\t\t<\/section>\n\t\t\t\t\t<\/div>\n\t\t<\/div>\n\t\t\t\t\t<\/div>\n\t\t<\/section>\n\t\t\t\t<\/div>\n\t\t","protected":false},"excerpt":{"rendered":"<p>Canal de Castilla a su paso por Fr\u00f3mista (Palencia). Catedral de Le\u00f3n. Verracos en \u00c1vila. Campos de trigo en Soria. Fiesta de Nuestra Se\u00f1ora de las Nieves en Las Machorras, Espinosa de los Monteros (Burgos). Un proyecto para difundir y sensibilizar sobre el legado colectivo de Castilla y Le\u00f3n, su capacidad creativa, los diversos modos &#8230; <a title=\"Patrimonio Cultural de Castilla y Le\u00f3n\" class=\"read-more\" href=\"https:\/\/www.tierravoz.com\/patrimonioculturalcyl\/\" aria-label=\"Leer m\u00e1s sobre Patrimonio Cultural de Castilla y Le\u00f3n\">Leer m\u00e1s<\/a><\/p>\n","protected":false},"author":1,"featured_media":0,"parent":0,"menu_order":0,"comment_status":"closed","ping_status":"closed","template":"","meta":{"footnotes":""},"class_list":["post-8","page","type-page","status-publish"],"yoast_head":"<!-- This site is optimized with the Yoast SEO plugin v27.5 - https:\/\/yoast.com\/product\/yoast-seo-wordpress\/ -->\n<title>Patrimonio Cultural de Castilla y Le\u00f3n<\/title>\n<meta name=\"description\" content=\"Un proyecto para sensibilizar y difundir el legado colectivo de Castilla y Le\u00f3n, su capacidad creativa, los diversos modos de vida, creencias y esperanzas de las comunidades de este territorio.\" \/>\n<meta name=\"robots\" content=\"index, follow, max-snippet:-1, max-image-preview:large, max-video-preview:-1\" \/>\n<link rel=\"canonical\" href=\"https:\/\/www.tierravoz.com\/patrimonioculturalcyl\/\" \/>\n<meta property=\"og:locale\" content=\"es_ES\" \/>\n<meta property=\"og:type\" content=\"article\" \/>\n<meta property=\"og:title\" content=\"Patrimonio Cultural de Castilla y Le\u00f3n\" \/>\n<meta property=\"og:description\" content=\"Un proyecto para sensibilizar y difundir el legado colectivo de Castilla y Le\u00f3n, su capacidad creativa, los diversos modos de vida, creencias y esperanzas de las comunidades de este territorio.\" \/>\n<meta property=\"og:url\" content=\"https:\/\/www.tierravoz.com\/patrimonioculturalcyl\/\" \/>\n<meta property=\"og:site_name\" content=\"Patrimonio Cultural de Castilla y Le&oacute;n\" \/>\n<meta property=\"article:publisher\" content=\"https:\/\/www.facebook.com\/Tierravoz\/\" \/>\n<meta property=\"article:modified_time\" content=\"2022-10-17T10:23:18+00:00\" \/>\n<meta property=\"og:image\" content=\"https:\/\/www.tierravoz.com\/patrimonioculturalcyl\/wp-content\/uploads\/op-redes-pccyl.jpg\" \/>\n\t<meta property=\"og:image:width\" content=\"600\" \/>\n\t<meta property=\"og:image:height\" content=\"300\" \/>\n\t<meta property=\"og:image:type\" content=\"image\/jpeg\" \/>\n<meta name=\"twitter:card\" content=\"summary_large_image\" \/>\n<meta name=\"twitter:title\" content=\"Patrimonio Cultural de Castilla y Le\u00f3n\" \/>\n<meta name=\"twitter:description\" content=\"Un proyecto para sensibilizar y difundir el legado colectivo de Castilla y Le\u00f3n, su capacidad creativa, los diversos modos de vida, creencias y esperanzas de las comunidades de este territorio.\" \/>\n<meta name=\"twitter:image\" content=\"https:\/\/www.tierravoz.com\/patrimonioculturalcyl\/wp-content\/uploads\/op-redes-pccyl.jpg\" \/>\n<meta name=\"twitter:site\" content=\"@Tierravoz\" \/>\n<meta name=\"twitter:label1\" content=\"Tiempo de lectura\" \/>\n\t<meta name=\"twitter:data1\" content=\"15 minutos\" \/>\n<script type=\"application\/ld+json\" class=\"yoast-schema-graph\">{\"@context\":\"https:\\\/\\\/schema.org\",\"@graph\":[{\"@type\":\"WebPage\",\"@id\":\"https:\\\/\\\/www.tierravoz.com\\\/patrimonioculturalcyl\\\/\",\"url\":\"https:\\\/\\\/www.tierravoz.com\\\/patrimonioculturalcyl\\\/\",\"name\":\"Patrimonio Cultural de Castilla y Le\u00f3n\",\"isPartOf\":{\"@id\":\"https:\\\/\\\/www.tierravoz.com\\\/patrimonioculturalcyl\\\/#website\"},\"primaryImageOfPage\":{\"@id\":\"https:\\\/\\\/www.tierravoz.com\\\/patrimonioculturalcyl\\\/#primaryimage\"},\"image\":{\"@id\":\"https:\\\/\\\/www.tierravoz.com\\\/patrimonioculturalcyl\\\/#primaryimage\"},\"thumbnailUrl\":\"https:\\\/\\\/www.tierravoz.com\\\/patrimonioculturalcyl\\\/wp-content\\\/uploads\\\/elementor\\\/thumbs\\\/flecha-01-pwc85vpjoyhmc82j9ycvd0vib72wjxcasgnvvh5gsg.png\",\"datePublished\":\"2021-07-19T15:59:18+00:00\",\"dateModified\":\"2022-10-17T10:23:18+00:00\",\"description\":\"Un proyecto para sensibilizar y difundir el legado colectivo de Castilla y Le\u00f3n, su capacidad creativa, los diversos modos de vida, creencias y esperanzas de las comunidades de este territorio.\",\"breadcrumb\":{\"@id\":\"https:\\\/\\\/www.tierravoz.com\\\/patrimonioculturalcyl\\\/#breadcrumb\"},\"inLanguage\":\"es\",\"potentialAction\":[{\"@type\":\"ReadAction\",\"target\":[\"https:\\\/\\\/www.tierravoz.com\\\/patrimonioculturalcyl\\\/\"]}]},{\"@type\":\"ImageObject\",\"inLanguage\":\"es\",\"@id\":\"https:\\\/\\\/www.tierravoz.com\\\/patrimonioculturalcyl\\\/#primaryimage\",\"url\":\"https:\\\/\\\/www.tierravoz.com\\\/patrimonioculturalcyl\\\/wp-content\\\/uploads\\\/elementor\\\/thumbs\\\/flecha-01-pwc85vpjoyhmc82j9ycvd0vib72wjxcasgnvvh5gsg.png\",\"contentUrl\":\"https:\\\/\\\/www.tierravoz.com\\\/patrimonioculturalcyl\\\/wp-content\\\/uploads\\\/elementor\\\/thumbs\\\/flecha-01-pwc85vpjoyhmc82j9ycvd0vib72wjxcasgnvvh5gsg.png\"},{\"@type\":\"BreadcrumbList\",\"@id\":\"https:\\\/\\\/www.tierravoz.com\\\/patrimonioculturalcyl\\\/#breadcrumb\",\"itemListElement\":[{\"@type\":\"ListItem\",\"position\":1,\"name\":\"Portada\",\"item\":\"https:\\\/\\\/www.tierravoz.com\\\/patrimonioculturalcyl\\\/\"},{\"@type\":\"ListItem\",\"position\":2,\"name\":\"Patrimonio Cultural de Castilla y Le\u00f3n\"}]},{\"@type\":\"WebSite\",\"@id\":\"https:\\\/\\\/www.tierravoz.com\\\/patrimonioculturalcyl\\\/#website\",\"url\":\"https:\\\/\\\/www.tierravoz.com\\\/patrimonioculturalcyl\\\/\",\"name\":\"Patrimonio Cultural de Castilla y Le&oacute;n\",\"description\":\"Difundimos el legado colectivo de Castilla y Le&oacute;n\",\"potentialAction\":[{\"@type\":\"SearchAction\",\"target\":{\"@type\":\"EntryPoint\",\"urlTemplate\":\"https:\\\/\\\/www.tierravoz.com\\\/patrimonioculturalcyl\\\/?s={search_term_string}\"},\"query-input\":{\"@type\":\"PropertyValueSpecification\",\"valueRequired\":true,\"valueName\":\"search_term_string\"}}],\"inLanguage\":\"es\"}]}<\/script>\n<!-- \/ Yoast SEO plugin. -->","yoast_head_json":{"title":"Patrimonio Cultural de Castilla y Le\u00f3n","description":"Un proyecto para sensibilizar y difundir el legado colectivo de Castilla y Le\u00f3n, su capacidad creativa, los diversos modos de vida, creencias y esperanzas de las comunidades de este territorio.","robots":{"index":"index","follow":"follow","max-snippet":"max-snippet:-1","max-image-preview":"max-image-preview:large","max-video-preview":"max-video-preview:-1"},"canonical":"https:\/\/www.tierravoz.com\/patrimonioculturalcyl\/","og_locale":"es_ES","og_type":"article","og_title":"Patrimonio Cultural de Castilla y Le\u00f3n","og_description":"Un proyecto para sensibilizar y difundir el legado colectivo de Castilla y Le\u00f3n, su capacidad creativa, los diversos modos de vida, creencias y esperanzas de las comunidades de este territorio.","og_url":"https:\/\/www.tierravoz.com\/patrimonioculturalcyl\/","og_site_name":"Patrimonio Cultural de Castilla y Le&oacute;n","article_publisher":"https:\/\/www.facebook.com\/Tierravoz\/","article_modified_time":"2022-10-17T10:23:18+00:00","og_image":[{"width":600,"height":300,"url":"https:\/\/www.tierravoz.com\/patrimonioculturalcyl\/wp-content\/uploads\/op-redes-pccyl.jpg","type":"image\/jpeg"}],"twitter_card":"summary_large_image","twitter_title":"Patrimonio Cultural de Castilla y Le\u00f3n","twitter_description":"Un proyecto para sensibilizar y difundir el legado colectivo de Castilla y Le\u00f3n, su capacidad creativa, los diversos modos de vida, creencias y esperanzas de las comunidades de este territorio.","twitter_image":"https:\/\/www.tierravoz.com\/patrimonioculturalcyl\/wp-content\/uploads\/op-redes-pccyl.jpg","twitter_site":"@Tierravoz","twitter_misc":{"Tiempo de lectura":"15 minutos"},"schema":{"@context":"https:\/\/schema.org","@graph":[{"@type":"WebPage","@id":"https:\/\/www.tierravoz.com\/patrimonioculturalcyl\/","url":"https:\/\/www.tierravoz.com\/patrimonioculturalcyl\/","name":"Patrimonio Cultural de Castilla y Le\u00f3n","isPartOf":{"@id":"https:\/\/www.tierravoz.com\/patrimonioculturalcyl\/#website"},"primaryImageOfPage":{"@id":"https:\/\/www.tierravoz.com\/patrimonioculturalcyl\/#primaryimage"},"image":{"@id":"https:\/\/www.tierravoz.com\/patrimonioculturalcyl\/#primaryimage"},"thumbnailUrl":"https:\/\/www.tierravoz.com\/patrimonioculturalcyl\/wp-content\/uploads\/elementor\/thumbs\/flecha-01-pwc85vpjoyhmc82j9ycvd0vib72wjxcasgnvvh5gsg.png","datePublished":"2021-07-19T15:59:18+00:00","dateModified":"2022-10-17T10:23:18+00:00","description":"Un proyecto para sensibilizar y difundir el legado colectivo de Castilla y Le\u00f3n, su capacidad creativa, los diversos modos de vida, creencias y esperanzas de las comunidades de este territorio.","breadcrumb":{"@id":"https:\/\/www.tierravoz.com\/patrimonioculturalcyl\/#breadcrumb"},"inLanguage":"es","potentialAction":[{"@type":"ReadAction","target":["https:\/\/www.tierravoz.com\/patrimonioculturalcyl\/"]}]},{"@type":"ImageObject","inLanguage":"es","@id":"https:\/\/www.tierravoz.com\/patrimonioculturalcyl\/#primaryimage","url":"https:\/\/www.tierravoz.com\/patrimonioculturalcyl\/wp-content\/uploads\/elementor\/thumbs\/flecha-01-pwc85vpjoyhmc82j9ycvd0vib72wjxcasgnvvh5gsg.png","contentUrl":"https:\/\/www.tierravoz.com\/patrimonioculturalcyl\/wp-content\/uploads\/elementor\/thumbs\/flecha-01-pwc85vpjoyhmc82j9ycvd0vib72wjxcasgnvvh5gsg.png"},{"@type":"BreadcrumbList","@id":"https:\/\/www.tierravoz.com\/patrimonioculturalcyl\/#breadcrumb","itemListElement":[{"@type":"ListItem","position":1,"name":"Portada","item":"https:\/\/www.tierravoz.com\/patrimonioculturalcyl\/"},{"@type":"ListItem","position":2,"name":"Patrimonio Cultural de Castilla y Le\u00f3n"}]},{"@type":"WebSite","@id":"https:\/\/www.tierravoz.com\/patrimonioculturalcyl\/#website","url":"https:\/\/www.tierravoz.com\/patrimonioculturalcyl\/","name":"Patrimonio Cultural de Castilla y Le&oacute;n","description":"Difundimos el legado colectivo de Castilla y Le&oacute;n","potentialAction":[{"@type":"SearchAction","target":{"@type":"EntryPoint","urlTemplate":"https:\/\/www.tierravoz.com\/patrimonioculturalcyl\/?s={search_term_string}"},"query-input":{"@type":"PropertyValueSpecification","valueRequired":true,"valueName":"search_term_string"}}],"inLanguage":"es"}]}},"_links":{"self":[{"href":"https:\/\/www.tierravoz.com\/patrimonioculturalcyl\/wp-json\/wp\/v2\/pages\/8","targetHints":{"allow":["GET"]}}],"collection":[{"href":"https:\/\/www.tierravoz.com\/patrimonioculturalcyl\/wp-json\/wp\/v2\/pages"}],"about":[{"href":"https:\/\/www.tierravoz.com\/patrimonioculturalcyl\/wp-json\/wp\/v2\/types\/page"}],"author":[{"embeddable":true,"href":"https:\/\/www.tierravoz.com\/patrimonioculturalcyl\/wp-json\/wp\/v2\/users\/1"}],"replies":[{"embeddable":true,"href":"https:\/\/www.tierravoz.com\/patrimonioculturalcyl\/wp-json\/wp\/v2\/comments?post=8"}],"version-history":[{"count":356,"href":"https:\/\/www.tierravoz.com\/patrimonioculturalcyl\/wp-json\/wp\/v2\/pages\/8\/revisions"}],"predecessor-version":[{"id":681,"href":"https:\/\/www.tierravoz.com\/patrimonioculturalcyl\/wp-json\/wp\/v2\/pages\/8\/revisions\/681"}],"wp:attachment":[{"href":"https:\/\/www.tierravoz.com\/patrimonioculturalcyl\/wp-json\/wp\/v2\/media?parent=8"}],"curies":[{"name":"wp","href":"https:\/\/api.w.org\/{rel}","templated":true}]}}